{"id":73377,"date":"2021-04-10T21:42:38","date_gmt":"2021-04-10T19:42:38","guid":{"rendered":"https:\/\/www.villagreta.pl\/media-villa-greta\/"},"modified":"2026-08-09T10:02:07","modified_gmt":"2026-08-09T08:02:07","slug":"media-villa-greta","status":"publish","type":"page","link":"https:\/\/www.villagreta.pl\/cs\/media-villa-greta\/","title":{"rendered":"Villa Greta v m\u00e9di\u00edch"},"content":{"rendered":"<section class=\"l-section wpb_row height_custom\"><div class=\"l-section-h i-cf\"><div class=\"g-cols vc_row via_grid cols_2 laptops-cols_inherit tablets-cols_inherit mobiles-cols_1 valign_top type_default stacking_default\" style=\"--columns-gap:5vw;\"><div class=\"wpb_column vc_column_container us_custom_d26eb4ca has_bg_color\"><div class=\"vc_column-inner\"><div class=\"w-text upper-title\"><span class=\"w-text-h\"><span class=\"w-text-value\">M\u00e9dia o n\u00e1s<\/span><\/span><\/div><div class=\"wpb_text_column us_custom_39592840\"><div class=\"wpb_wrapper\"><h2>N\u011bkdy p\u00ed\u0161ou, n\u011bkdy mluv\u00ed<\/h2>\n<p>\u010cas od \u010dasu tak\u00e9 n\u011bco ukazuj\u00ed :) T\u011b\u0161\u00ed n\u00e1s rostouc\u00ed z\u00e1jem o Doln\u00ed Slezsko, Kraj vyhasl\u00fdch sopek a Ka\u010davsk\u00e9 hory. Je to n\u00e1dhern\u00fd region, ve kter\u00e9m \u017eijeme a m\u016f\u017eeme se s ostatn\u00edmi d\u011blit o radost z cestov\u00e1n\u00ed. Sami jsme na\u0161e dobrodru\u017estv\u00ed za\u010dali cestou do nezn\u00e1ma (popsanou v n\u011bkolika publikac\u00edch). Objeli jsme sv\u011bt a vr\u00e1tili se na m\u00edsto, kter\u00e9 je ji\u017e v\u00edce ne\u017e 130 let rodinn\u00fdm domovem.<br \/>\nN\u011bkdy je Villa Greta inspirac\u00ed pro kreativn\u00ed lidi, kte\u0159\u00ed zde tvo\u0159\u00ed n\u00e1dhern\u00e1 d\u00edla, a na\u0161e hospod\u00e1\u0159stv\u00ed a okol\u00ed se st\u00e1v\u00e1 kulisou pro v\u00fdjime\u010dn\u00e9 ud\u00e1losti.<\/p>\n<\/div><\/div><div class=\"w-btn-wrapper align_none\"><a class=\"w-btn us-btn-style_1 us_custom_0c897fc8\" href=\"https:\/\/www.villagreta.pl\/cs\/hotel-villa-greta\/\"><span class=\"w-btn-label\">poznejte historii Villy Greta<\/span><\/a><\/div><\/div><\/div><div class=\"wpb_column vc_column_container\"><div class=\"vc_column-inner\"><div class=\"w-image round-corners align_none\"><div class=\"w-image-h\"><img decoding=\"async\" width=\"860\" height=\"645\" src=\"https:\/\/media.villagreta.pl\/villa_greta_media_1.jpg\" class=\"attachment-full size-full\" alt=\"Villa Greta na Canal+\" loading=\"lazy\" \/><\/div><\/div><\/div><\/div><\/div><\/div><\/section><section class=\"l-section wpb_row height_custom\"><div class=\"l-section-h i-cf\"><div class=\"g-cols vc_row via_grid cols_1 laptops-cols_inherit tablets-cols_inherit mobiles-cols_1 valign_top type_default stacking_default\"><div class=\"wpb_column vc_column_container\"><div class=\"vc_column-inner\"><div class=\"w-grid us_grid us_custom_cc30155e type_masonry layout_15143 cols_3 pagination_infinite preload_style_spinner with_isotope with_css_animation overflow_hidden\" id=\"us_grid_1\" style=\"--columns:3;--gap:16px;\" data-filterable=\"true\"><style>@media (max-width:1024px){#us_grid_1{--columns:2!important}}@media (max-width:600px){#us_grid_1{--columns:1!important}}.layout_15143 .w-grid-item-h{color:var(--color-content-bg-alt);border-radius:1rem}.layout_15143 .usg_vwrapper_1{transition-duration:0.3s;transform-origin:50% 50%;transform:scale(1) translate(0%,0%)}.layout_15143 .w-grid-item-h:focus-within .usg_vwrapper_1,.layout_15143 .w-grid-item-h:hover .usg_vwrapper_1{transform:scale(1) translate(0%,80%);opacity:0}.layout_15143 .usg_vwrapper_1{position:absolute!important;left:0!important;bottom:0!important;right:0!important;background:linear-gradient(0deg,rgba(30,30,30,0.6978992280505952) 0%,rgba(30,30,30,0.3533614129245448) 40%,rgba(30,30,30,0) 100%)!important;padding:15% 7% 6% 7%!important}.layout_15143 .usg_post_content_1{font-size:15px!important;line-height:1.3!important}<\/style><div class=\"w-grid-list\">\t<article class=\"w-grid-item us_animate_fade off_autostart post-81713 attachment type-attachment status-inherit\" data-id=\"81713\" style=\"animation-delay:0s\">\r\n\t\t<div class=\"w-grid-item-h\">\r\n\t\t\t\t\t\t\t<a ref=\"magnificPopupList\" data-alt=\"Go\u015bcinne Zabytki\" href=\"https:\/\/media.villagreta.pl\/goscinne-zabytki.jpg\" class=\"w-grid-item-anchor\" aria-label=\" Villa Greta ma zaszczyt by\u0107 uczestnikiem projektu Go\u015bcinne Zabytki.\"><\/a>\r\n\t\t\t\t\t\t<div class=\"w-post-elm post_image usg_post_image_1 stretched\"><img loading=\"lazy\" decoding=\"async\" width=\"860\" height=\"642\" src=\"https:\/\/media.villagreta.pl\/goscinne-zabytki.jpg\" class=\"attachment-full size-full\" alt=\"Go\u015bcinne Zabytki\" \/><\/div><div class=\"w-vwrapper usg_vwrapper_1 align_none valign_top\" style=\"--vwrapper-gap: 0.7rem;\"><div class=\"w-post-elm post_content usg_post_content_1\"><p> Villa Greta ma zaszczyt by\u0107 uczestnikiem projektu Go\u015bcinne Zabytki.<\/p>\n<\/div><\/div>\t\t<\/div>\r\n\t\t\t<\/article>\r\n\t<article class=\"w-grid-item us_animate_fade off_autostart post-81720 attachment type-attachment status-inherit\" data-id=\"81720\" style=\"animation-delay:0.1s\">\r\n\t\t<div class=\"w-grid-item-h\">\r\n\t\t\t\t\t\t\t<a ref=\"magnificPopupList\" data-alt=\"Villa Greta w Poznaj \u015awiat\" href=\"https:\/\/media.villagreta.pl\/poznaj-swiat-villa-greta.jpg\" class=\"w-grid-item-anchor\" aria-label=\"Du\u017cy artyku\u0142 o Villi Greta, w miesi\u0119czniku &quot;Poznaj \u015awiat&quot;, luty, 2019 r.\"><\/a>\r\n\t\t\t\t\t\t<div class=\"w-post-elm post_image usg_post_image_1 stretched\"><img loading=\"lazy\" decoding=\"async\" width=\"860\" height=\"802\" src=\"https:\/\/media.villagreta.pl\/poznaj-swiat-villa-greta.jpg\" class=\"attachment-full size-full\" alt=\"Villa Greta w Poznaj \u015awiat\" \/><\/div><div class=\"w-vwrapper usg_vwrapper_1 align_none valign_top\" style=\"--vwrapper-gap: 0.7rem;\"><div class=\"w-post-elm post_content usg_post_content_1\"><p>Du\u017cy artyku\u0142 o Villi Greta, w miesi\u0119czniku &#8222;Poznaj \u015awiat\u201c, luty, 2019 r.<\/p>\n<\/div><\/div>\t\t<\/div>\r\n\t\t\t<\/article>\r\n\t<article class=\"w-grid-item us_animate_fade off_autostart post-81715 attachment type-attachment status-inherit\" data-id=\"81715\" style=\"animation-delay:0.2s\">\r\n\t\t<div class=\"w-grid-item-h\">\r\n\t\t\t\t\t\t\t<a ref=\"magnificPopupList\" data-alt=\"Villa Greta Polecany Pensjonat\" href=\"https:\/\/media.villagreta.pl\/kommentare-villa-greta.jpg\" class=\"w-grid-item-anchor\" aria-label=\"Villa Greta w niemieckoj\u0119zycznym magazynie Schlesien Heute.\"><\/a>\r\n\t\t\t\t\t\t<div class=\"w-post-elm post_image usg_post_image_1 stretched\"><img loading=\"lazy\" decoding=\"async\" width=\"860\" height=\"397\" src=\"https:\/\/media.villagreta.pl\/kommentare-villa-greta.jpg\" class=\"attachment-full size-full\" alt=\"Villa Greta Polecany Pensjonat\" \/><\/div><div class=\"w-vwrapper usg_vwrapper_1 align_none valign_top\" style=\"--vwrapper-gap: 0.7rem;\"><div class=\"w-post-elm post_content usg_post_content_1\"><p>Villa Greta w niemieckoj\u0119zycznym magazynie Schlesien Heute.<\/p>\n<\/div><\/div>\t\t<\/div>\r\n\t\t\t<\/article>\r\n\t<article class=\"w-grid-item us_animate_fade off_autostart post-81716 attachment type-attachment status-inherit\" data-id=\"81716\" style=\"animation-delay:0.3s\">\r\n\t\t<div class=\"w-grid-item-h\">\r\n\t\t\t\t\t\t\t<a ref=\"magnificPopupList\" data-alt=\"Villa Greta Polecany Pensjonat\" href=\"https:\/\/media.villagreta.pl\/polecane-pensjonaty-dolny-slask-1.jpg\" class=\"w-grid-item-anchor\" aria-label=\"W miesi\u0119czniku Niedziela.\"><\/a>\r\n\t\t\t\t\t\t<div class=\"w-post-elm post_image usg_post_image_1 stretched\"><img loading=\"lazy\" decoding=\"async\" width=\"860\" height=\"397\" src=\"https:\/\/media.villagreta.pl\/polecane-pensjonaty-dolny-slask-1.jpg\" class=\"attachment-full size-full\" alt=\"Villa Greta Polecany Pensjonat\" \/><\/div><div class=\"w-vwrapper usg_vwrapper_1 align_none valign_top\" style=\"--vwrapper-gap: 0.7rem;\"><div class=\"w-post-elm post_content usg_post_content_1\"><p>W miesi\u0119czniku Niedziela.<\/p>\n<\/div><\/div>\t\t<\/div>\r\n\t\t\t<\/article>\r\n\t<article class=\"w-grid-item us_animate_fade off_autostart post-81717 attachment type-attachment status-inherit\" data-id=\"81717\" style=\"animation-delay:0.4s\">\r\n\t\t<div class=\"w-grid-item-h\">\r\n\t\t\t\t\t\t\t<a ref=\"magnificPopupList\" data-alt=\"Villa Greta polecny pensjonat\" href=\"https:\/\/media.villagreta.pl\/polecane-pensjonaty-na-dolnym-slasku.jpg\" class=\"w-grid-item-anchor\" aria-label=\"Pisa\u0142a o nas \u201eWr\u00f3\u017cka\u201d \u2013 magazyn zajmuj\u0105cy si\u0119 parapsychologi\u0105 i magi\u0105.\"><\/a>\r\n\t\t\t\t\t\t<div class=\"w-post-elm post_image usg_post_image_1 stretched\"><img loading=\"lazy\" decoding=\"async\" width=\"860\" height=\"397\" src=\"https:\/\/media.villagreta.pl\/polecane-pensjonaty-na-dolnym-slasku.jpg\" class=\"attachment-full size-full\" alt=\"Villa Greta polecny pensjonat\" \/><\/div><div class=\"w-vwrapper usg_vwrapper_1 align_none valign_top\" style=\"--vwrapper-gap: 0.7rem;\"><div class=\"w-post-elm post_content usg_post_content_1\"><p>Pisa\u0142a o nas \u201eWr\u00f3\u017cka\u201d \u2013 magazyn zajmuj\u0105cy si\u0119 parapsychologi\u0105 i magi\u0105.<\/p>\n<\/div><\/div>\t\t<\/div>\r\n\t\t\t<\/article>\r\n\t<article class=\"w-grid-item us_animate_fade off_autostart post-81711 attachment type-attachment status-inherit\" data-id=\"81711\" style=\"animation-delay:0.5s\">\r\n\t\t<div class=\"w-grid-item-h\">\r\n\t\t\t\t\t\t\t<a ref=\"magnificPopupList\" data-alt=\"Dziecko \u2013 najlepsza inwestycja\" href=\"https:\/\/media.villagreta.pl\/dziecko-najlepsza-inwestycja.jpg\" class=\"w-grid-item-anchor\" aria-label=\"Artyku\u0142 \u201cRodzinne podr\u00f3\u017cowanie\u201d w magazynie \u201cDziecko \u2013 najlepsza inwestycja\u201d.\"><\/a>\r\n\t\t\t\t\t\t<div class=\"w-post-elm post_image usg_post_image_1 stretched\"><img loading=\"lazy\" decoding=\"async\" width=\"860\" height=\"602\" src=\"https:\/\/media.villagreta.pl\/dziecko-najlepsza-inwestycja.jpg\" class=\"attachment-full size-full\" alt=\"Dziecko \u2013 najlepsza inwestycja\" \/><\/div><div class=\"w-vwrapper usg_vwrapper_1 align_none valign_top\" style=\"--vwrapper-gap: 0.7rem;\"><div class=\"w-post-elm post_content usg_post_content_1\"><p>Artyku\u0142 \u201cRodzinne podr\u00f3\u017cowanie\u201d w magazynie \u201cDziecko \u2013 najlepsza inwestycja\u201d.<\/p>\n<\/div><\/div>\t\t<\/div>\r\n\t\t\t<\/article>\r\n\t<article class=\"w-grid-item us_animate_fade off_autostart post-81725 attachment type-attachment status-inherit\" data-id=\"81725\" style=\"animation-delay:0s\">\r\n\t\t<div class=\"w-grid-item-h\">\r\n\t\t\t\t\t\t\t<a ref=\"magnificPopupList\" data-alt=\"o Villi Greta pisa\u0142 Traveler\" href=\"https:\/\/media.villagreta.pl\/Villa-Greta-Traveler1.jpg\" class=\"w-grid-item-anchor\" aria-label=\"W latach 2007 i 2013 o Villi Greta pisa\u0142 Traveler.\"><\/a>\r\n\t\t\t\t\t\t<div class=\"w-post-elm post_image usg_post_image_1 stretched\"><img loading=\"lazy\" decoding=\"async\" width=\"405\" height=\"860\" src=\"https:\/\/media.villagreta.pl\/Villa-Greta-Traveler1.jpg\" class=\"attachment-full size-full\" alt=\"o Villi Greta pisa\u0142 Traveler\" \/><\/div><div class=\"w-vwrapper usg_vwrapper_1 align_none valign_top\" style=\"--vwrapper-gap: 0.7rem;\"><div class=\"w-post-elm post_content usg_post_content_1\"><p>W latach 2007 i 2013 o Villi Greta pisa\u0142 Traveler.<\/p>\n<\/div><\/div>\t\t<\/div>\r\n\t\t\t<\/article>\r\n\t<article class=\"w-grid-item us_animate_fade off_autostart post-73379 attachment type-attachment status-inherit\" data-id=\"73379\" style=\"animation-delay:0.1s\">\r\n\t\t<div class=\"w-grid-item-h\">\r\n\t\t\t\t\t\t\t<a ref=\"magnificPopupList\" data-alt=\"Pojechane Podr\u00f3\u017ce\" href=\"https:\/\/media.villagreta.pl\/pojechane-podroze.jpg\" class=\"w-grid-item-anchor\" aria-label=\"Ewelina a Krzysiek \u2013 hostitel\u00e9 Villy Greta jsou jedn\u011bmi z hrdin\u016f pov\u00eddky Piotra Trybalsk\u00e9ho v knize \u201ePojechane Podr\u00f3\u017ce\u201c. Tato kniha je sb\u00edrkou n\u011bkolika pov\u00eddek zn\u00e1m\u00fdch polsk\u00fdch cestovatel\u016f. \"><\/a>\r\n\t\t\t\t\t\t<div class=\"w-post-elm post_image usg_post_image_1 stretched\"><img loading=\"lazy\" decoding=\"async\" width=\"860\" height=\"689\" src=\"https:\/\/media.villagreta.pl\/pojechane-podroze.jpg\" class=\"attachment-full size-full\" alt=\"Pojechane Podr\u00f3\u017ce\" \/><\/div><div class=\"w-vwrapper usg_vwrapper_1 align_none valign_top\" style=\"--vwrapper-gap: 0.7rem;\"><div class=\"w-post-elm post_content usg_post_content_1\"><p>Ewelina a Krzysiek \u2013 hostitel\u00e9 Villy Greta jsou jedn\u011bmi z hrdin\u016f pov\u00eddky Piotra Trybalsk\u00e9ho v knize \u201ePojechane Podr\u00f3\u017ce\u201c. Tato kniha je sb\u00edrkou n\u011bkolika pov\u00eddek zn\u00e1m\u00fdch polsk\u00fdch cestovatel\u016f. <\/p>\n<\/div><\/div>\t\t<\/div>\r\n\t\t\t<\/article>\r\n\t<article class=\"w-grid-item us_animate_fade off_autostart post-81710 attachment type-attachment status-inherit\" data-id=\"81710\" style=\"animation-delay:0.2s\">\r\n\t\t<div class=\"w-grid-item-h\">\r\n\t\t\t\t\t\t\t<a ref=\"magnificPopupList\" data-alt=\"Dobkow: Wyspa\" href=\"https:\/\/media.villagreta.pl\/Dobkow-Wyspa.jpg\" class=\"w-grid-item-anchor\" aria-label=\"Jeden z rozdzia\u0142\u00f3w ksi\u0105\u017cki Robba Maci\u0105ga po\u015bwi\u0119cony jest historii Grety. Ksi\u0105\u017cka jest bia\u0142ym krukiem, gdy\u017c wydana zosta\u0142a jedynie w 700 egzemplarzach. W Villi Greta mamy jeszcze kilkana\u015bcie egzemplarzy ksi\u0105\u017cki.\"><\/a>\r\n\t\t\t\t\t\t<div class=\"w-post-elm post_image usg_post_image_1 stretched\"><img loading=\"lazy\" decoding=\"async\" width=\"860\" height=\"395\" src=\"https:\/\/media.villagreta.pl\/Dobkow-Wyspa.jpg\" class=\"attachment-full size-full\" alt=\"Dobkow: Wyspa\" \/><\/div><div class=\"w-vwrapper usg_vwrapper_1 align_none valign_top\" style=\"--vwrapper-gap: 0.7rem;\"><div class=\"w-post-elm post_content usg_post_content_1\"><p>Jeden z rozdzia\u0142\u00f3w ksi\u0105\u017cki Robba Maci\u0105ga po\u015bwi\u0119cony jest historii Grety. Ksi\u0105\u017cka jest bia\u0142ym krukiem, gdy\u017c wydana zosta\u0142a jedynie w 700 egzemplarzach. W Villi Greta mamy jeszcze kilkana\u015bcie egzemplarzy ksi\u0105\u017cki.<\/p>\n<\/div><\/div>\t\t<\/div>\r\n\t\t\t<\/article>\r\n\t<article class=\"w-grid-item us_animate_fade off_autostart post-81719 attachment type-attachment status-inherit\" data-id=\"81719\" style=\"animation-delay:0.3s\">\r\n\t\t<div class=\"w-grid-item-h\">\r\n\t\t\t\t\t\t\t<a ref=\"magnificPopupList\" data-alt=\"Z dala od drogi\" href=\"https:\/\/media.villagreta.pl\/polecany-pensjonat.jpg\" class=\"w-grid-item-anchor\" aria-label=\"Villa Greta zosta\u0142a wybrana przez pani\u0105 Teres\u0119 Kokoci\u0144sk\u0105 do elitarnego grona 50 \u201cniezwyk\u0142ych miejsc na wymarzony wypoczynek\u201d w ksi\u0105\u017cce \u201cZ dala od drogi\u201d. Zdj\u0119cia Grety jeszcze z przed remontu elewacji.\"><\/a>\r\n\t\t\t\t\t\t<div class=\"w-post-elm post_image usg_post_image_1 stretched\"><img loading=\"lazy\" decoding=\"async\" width=\"860\" height=\"576\" src=\"https:\/\/media.villagreta.pl\/polecany-pensjonat.jpg\" class=\"attachment-full size-full\" alt=\"Z dala od drogi\" srcset=\"https:\/\/media.villagreta.pl\/polecany-pensjonat.jpg 860w, https:\/\/media.villagreta.pl\/polecany-pensjonat-300x200.jpg 300w\" sizes=\"auto, (max-width: 860px) 100vw, 860px\" \/><\/div><div class=\"w-vwrapper usg_vwrapper_1 align_none valign_top\" style=\"--vwrapper-gap: 0.7rem;\"><div class=\"w-post-elm post_content usg_post_content_1\"><p>Villa Greta zosta\u0142a wybrana przez pani\u0105 Teres\u0119 Kokoci\u0144sk\u0105 do elitarnego grona 50 \u201cniezwyk\u0142ych miejsc na wymarzony wypoczynek\u201d w ksi\u0105\u017cce \u201cZ dala od drogi\u201d. Zdj\u0119cia Grety jeszcze z przed remontu elewacji.<\/p>\n<\/div><\/div>\t\t<\/div>\r\n\t\t\t<\/article>\r\n\t<article class=\"w-grid-item us_animate_fade off_autostart post-81718 attachment type-attachment status-inherit\" data-id=\"81718\" style=\"animation-delay:0.4s\">\r\n\t\t<div class=\"w-grid-item-h\">\r\n\t\t\t\t\t\t\t<a ref=\"magnificPopupList\" data-alt=\"Publikacje, w kt\u00f3rych pojawi\u0142a si\u0119 Villa Greta\" href=\"https:\/\/media.villagreta.pl\/polecany-dla-rodzin.jpg\" class=\"w-grid-item-anchor\" aria-label=\"Publikacje, w kt\u00f3rych pojawi\u0142a si\u0119 Villa Greta.\"><\/a>\r\n\t\t\t\t\t\t<div class=\"w-post-elm post_image usg_post_image_1 stretched\"><img loading=\"lazy\" decoding=\"async\" width=\"860\" height=\"287\" src=\"https:\/\/media.villagreta.pl\/polecany-dla-rodzin.jpg\" class=\"attachment-full size-full\" alt=\"Publikacje, w kt\u00f3rych pojawi\u0142a si\u0119 Villa Greta\" \/><\/div><div class=\"w-vwrapper usg_vwrapper_1 align_none valign_top\" style=\"--vwrapper-gap: 0.7rem;\"><div class=\"w-post-elm post_content usg_post_content_1\"><p>Publikacje, w kt\u00f3rych pojawi\u0142a si\u0119 Villa Greta.<\/p>\n<\/div><\/div>\t\t<\/div>\r\n\t\t\t<\/article>\r\n\t<article class=\"w-grid-item us_animate_fade off_autostart post-81721 attachment type-attachment status-inherit\" data-id=\"81721\" style=\"animation-delay:0.5s\">\r\n\t\t<div class=\"w-grid-item-h\">\r\n\t\t\t\t\t\t\t<a ref=\"magnificPopupList\" data-alt=\"W warszawskiej Skarpie\" href=\"https:\/\/media.villagreta.pl\/skarpa-warszawa.jpg\" class=\"w-grid-item-anchor\" aria-label=\"W warszawskiej Skarpie.\"><\/a>\r\n\t\t\t\t\t\t<div class=\"w-post-elm post_image usg_post_image_1 stretched\"><img loading=\"lazy\" decoding=\"async\" width=\"860\" height=\"642\" src=\"https:\/\/media.villagreta.pl\/skarpa-warszawa.jpg\" class=\"attachment-full size-full\" alt=\"W warszawskiej Skarpie\" \/><\/div><div class=\"w-vwrapper usg_vwrapper_1 align_none valign_top\" style=\"--vwrapper-gap: 0.7rem;\"><div class=\"w-post-elm post_content usg_post_content_1\"><p>W warszawskiej Skarpie.<\/p>\n<\/div><\/div>\t\t<\/div>\r\n\t\t\t<\/article>\r\n\t<article class=\"w-grid-item us_animate_fade off_autostart post-81712 attachment type-attachment status-inherit\" data-id=\"81712\" style=\"animation-delay:0s\">\r\n\t\t<div class=\"w-grid-item-h\">\r\n\t\t\t\t\t\t\t<a ref=\"magnificPopupList\" data-alt=\"Felix, Net i Nika oraz Trzecia Kuzynka\" href=\"https:\/\/media.villagreta.pl\/felix-net-nika.jpg\" class=\"w-grid-item-anchor\" aria-label=\"Du\u017ca cz\u0119\u015b\u0107 ksi\u0105\u017cki Felix, Net i Nika oraz Trzecia Kuzynka Rafa\u0142a Kosika zosta\u0142a napisana w Villi Greta :-). Mo\u017cna w niej znale\u017a\u0107 du\u017co obraz\u00f3w z Dobkowa. Na przyk\u0142ad inspiracj\u0105 wielkiego traktora naprawianego przez tajemniczego go\u015bcia by\u0142 senior rodu Rozp\u0119dowskich Mieczys\u0142aw naprawiaj\u0105cy kultywator :-).\"><\/a>\r\n\t\t\t\t\t\t<div class=\"w-post-elm post_image usg_post_image_1 stretched\"><img loading=\"lazy\" decoding=\"async\" width=\"860\" height=\"642\" src=\"https:\/\/media.villagreta.pl\/felix-net-nika.jpg\" class=\"attachment-full size-full\" alt=\"Felix, Net i Nika oraz Trzecia Kuzynka\" \/><\/div><div class=\"w-vwrapper usg_vwrapper_1 align_none valign_top\" style=\"--vwrapper-gap: 0.7rem;\"><div class=\"w-post-elm post_content usg_post_content_1\"><p>Du\u017ca cz\u0119\u015b\u0107 ksi\u0105\u017cki Felix, Net i Nika oraz Trzecia Kuzynka Rafa\u0142a Kosika zosta\u0142a napisana w Villi Greta :-). Mo\u017cna w niej znale\u017a\u0107 du\u017co obraz\u00f3w z Dobkowa. Na przyk\u0142ad inspiracj\u0105 wielkiego traktora naprawianego przez tajemniczego go\u015bcia by\u0142 senior rodu Rozp\u0119dowskich Mieczys\u0142aw naprawiaj\u0105cy kultywator :-).<\/p>\n<\/div><\/div>\t\t<\/div>\r\n\t\t\t<\/article>\r\n\t<article class=\"w-grid-item us_animate_fade off_autostart post-81714 attachment type-attachment status-inherit\" data-id=\"81714\" style=\"animation-delay:0.1s\">\r\n\t\t<div class=\"w-grid-item-h\">\r\n\t\t\t\t\t\t\t<a ref=\"magnificPopupList\" data-alt=\"Villa Greta w ekskluzywnym miesi\u0119czniku linii lotniczych\" href=\"https:\/\/media.villagreta.pl\/hifly-kraina-wygaslych-wulkanow-villa-greta.jpg\" class=\"w-grid-item-anchor\" aria-label=\"Villa Greta w ekskluzywnym miesi\u0119czniku linii lotniczych :-)\"><\/a>\r\n\t\t\t\t\t\t<div class=\"w-post-elm post_image usg_post_image_1 stretched\"><img loading=\"lazy\" decoding=\"async\" width=\"909\" height=\"960\" src=\"https:\/\/media.villagreta.pl\/hifly-kraina-wygaslych-wulkanow-villa-greta.jpg\" class=\"attachment-full size-full\" alt=\"Villa Greta w ekskluzywnym miesi\u0119czniku linii lotniczych\" \/><\/div><div class=\"w-vwrapper usg_vwrapper_1 align_none valign_top\" style=\"--vwrapper-gap: 0.7rem;\"><div class=\"w-post-elm post_content usg_post_content_1\"><p>Villa Greta w ekskluzywnym miesi\u0119czniku linii lotniczych :-)<\/p>\n<\/div><\/div>\t\t<\/div>\r\n\t\t\t<\/article>\r\n\t<article class=\"w-grid-item us_animate_fade off_autostart post-81727 attachment type-attachment status-inherit\" data-id=\"81727\" style=\"animation-delay:0.2s\">\r\n\t\t<div class=\"w-grid-item-h\">\r\n\t\t\t\t\t\t\t<a ref=\"magnificPopupList\" data-alt=\"W tygodniku Wprost.\" href=\"https:\/\/media.villagreta.pl\/wprost-villa-greta.jpg\" class=\"w-grid-item-anchor\" aria-label=\"W tygodniku Wprost.\"><\/a>\r\n\t\t\t\t\t\t<div class=\"w-post-elm post_image usg_post_image_1 stretched\"><img loading=\"lazy\" decoding=\"async\" width=\"860\" height=\"642\" src=\"https:\/\/media.villagreta.pl\/wprost-villa-greta.jpg\" class=\"attachment-full size-full\" alt=\"W tygodniku Wprost.\" \/><\/div><div class=\"w-vwrapper usg_vwrapper_1 align_none valign_top\" style=\"--vwrapper-gap: 0.7rem;\"><div class=\"w-post-elm post_content usg_post_content_1\"><p>W tygodniku Wprost.<\/p>\n<\/div><\/div>\t\t<\/div>\r\n\t\t\t<\/article>\r\n\t<article class=\"w-grid-item us_animate_fade off_autostart post-81728 attachment type-attachment status-inherit\" data-id=\"81728\" style=\"animation-delay:0.3s\">\r\n\t\t<div class=\"w-grid-item-h\">\r\n\t\t\t\t\t\t\t<a ref=\"magnificPopupList\" data-alt=\"Robert Kudelski - Tajemnice Wroc\u0142awia\" href=\"https:\/\/media.villagreta.pl\/zloto-wroclawia-kudelski.jpg\" class=\"w-grid-item-anchor\" aria-label=\"\u201cZ\u0142oto Wroc\u0142awia. Narodziny Legendy.\u201d Roberta Kudelskiego. 2019r. Poznaj tajemnic\u0119 zaginionego skarbu.\"><\/a>\r\n\t\t\t\t\t\t<div class=\"w-post-elm post_image usg_post_image_1 stretched\"><img loading=\"lazy\" decoding=\"async\" width=\"860\" height=\"541\" src=\"https:\/\/media.villagreta.pl\/zloto-wroclawia-kudelski.jpg\" class=\"attachment-full size-full\" alt=\"Robert Kudelski - Tajemnice Wroc\u0142awia\" \/><\/div><div class=\"w-vwrapper usg_vwrapper_1 align_none valign_top\" style=\"--vwrapper-gap: 0.7rem;\"><div class=\"w-post-elm post_content usg_post_content_1\"><p>\u201cZ\u0142oto Wroc\u0142awia. Narodziny Legendy.\u201d Roberta Kudelskiego. 2019r. Poznaj tajemnic\u0119 zaginionego skarbu.<\/p>\n<\/div><\/div>\t\t<\/div>\r\n\t\t\t<\/article>\r\n\t<article class=\"w-grid-item us_animate_fade off_autostart post-81726 attachment type-attachment status-inherit\" data-id=\"81726\" style=\"animation-delay:0.4s\">\r\n\t\t<div class=\"w-grid-item-h\">\r\n\t\t\t\t\t\t\t<a ref=\"magnificPopupList\" data-alt=\"W Weranda country\" href=\"https:\/\/media.villagreta.pl\/weranda-country-villa-greta.jpg\" class=\"w-grid-item-anchor\" aria-label=\"Villa Greta w  Weranda country.\"><\/a>\r\n\t\t\t\t\t\t<div class=\"w-post-elm post_image usg_post_image_1 stretched\"><img loading=\"lazy\" decoding=\"async\" width=\"860\" height=\"426\" src=\"https:\/\/media.villagreta.pl\/weranda-country-villa-greta.jpg\" class=\"attachment-full size-full\" alt=\"W Weranda country\" \/><\/div><div class=\"w-vwrapper usg_vwrapper_1 align_none valign_top\" style=\"--vwrapper-gap: 0.7rem;\"><div class=\"w-post-elm post_content usg_post_content_1\"><p>Villa Greta w  Weranda country.<\/p>\n<\/div><\/div>\t\t<\/div>\r\n\t\t\t<\/article>\r\n\t<article class=\"w-grid-item us_animate_fade off_autostart post-81724 attachment type-attachment status-inherit\" data-id=\"81724\" style=\"animation-delay:0.5s\">\r\n\t\t<div class=\"w-grid-item-h\">\r\n\t\t\t\t\t\t\t<a ref=\"magnificPopupList\" data-alt=\"Villa Greta w Gazecie Wroc\u0142awskiej\" href=\"https:\/\/media.villagreta.pl\/villa-greta-gazeta-wroclawska.jpg\" class=\"w-grid-item-anchor\" aria-label=\"Villa Greta w Gazecie Wroc\u0142awskiej.\"><\/a>\r\n\t\t\t\t\t\t<div class=\"w-post-elm post_image usg_post_image_1 stretched\"><img loading=\"lazy\" decoding=\"async\" width=\"544\" height=\"577\" src=\"https:\/\/media.villagreta.pl\/villa-greta-gazeta-wroclawska.jpg\" class=\"attachment-full size-full\" alt=\"Villa Greta w Gazecie Wroc\u0142awskiej\" \/><\/div><div class=\"w-vwrapper usg_vwrapper_1 align_none valign_top\" style=\"--vwrapper-gap: 0.7rem;\"><div class=\"w-post-elm post_content usg_post_content_1\"><p>Villa Greta w Gazecie Wroc\u0142awskiej.<\/p>\n<\/div><\/div>\t\t<\/div>\r\n\t\t\t<\/article>\r\n\t<article class=\"w-grid-item us_animate_fade off_autostart post-81723 attachment type-attachment status-inherit\" data-id=\"81723\" style=\"animation-delay:0s\">\r\n\t\t<div class=\"w-grid-item-h\">\r\n\t\t\t\t\t\t\t<a ref=\"magnificPopupList\" data-alt=\"W Twoim Stylu\" href=\"https:\/\/media.villagreta.pl\/twoj-styl-villa-greta.jpg\" class=\"w-grid-item-anchor\" aria-label=\"W Twoim Stylu.\"><\/a>\r\n\t\t\t\t\t\t<div class=\"w-post-elm post_image usg_post_image_1 stretched\"><img loading=\"lazy\" decoding=\"async\" width=\"860\" height=\"642\" src=\"https:\/\/media.villagreta.pl\/twoj-styl-villa-greta.jpg\" class=\"attachment-full size-full\" alt=\"W Twoim Stylu\" \/><\/div><div class=\"w-vwrapper usg_vwrapper_1 align_none valign_top\" style=\"--vwrapper-gap: 0.7rem;\"><div class=\"w-post-elm post_content usg_post_content_1\"><p>W Twoim Stylu.<\/p>\n<\/div><\/div>\t\t<\/div>\r\n\t\t\t<\/article>\r\n\t<article class=\"w-grid-item us_animate_fade off_autostart post-81722 attachment type-attachment status-inherit\" data-id=\"81722\" style=\"animation-delay:0.1s\">\r\n\t\t<div class=\"w-grid-item-h\">\r\n\t\t\t\t\t\t\t<a ref=\"magnificPopupList\" data-alt=\"Villa Greta, Traveler\" href=\"https:\/\/media.villagreta.pl\/traveler-villa-greta.jpg\" class=\"w-grid-item-anchor\" aria-label=\"Villa Greta w Traveler.\"><\/a>\r\n\t\t\t\t\t\t<div class=\"w-post-elm post_image usg_post_image_1 stretched\"><img loading=\"lazy\" decoding=\"async\" width=\"860\" height=\"642\" src=\"https:\/\/media.villagreta.pl\/traveler-villa-greta.jpg\" class=\"attachment-full size-full\" alt=\"Villa Greta, Traveler\" \/><\/div><div class=\"w-vwrapper usg_vwrapper_1 align_none valign_top\" style=\"--vwrapper-gap: 0.7rem;\"><div class=\"w-post-elm post_content usg_post_content_1\"><p>Villa Greta w Traveler.<\/p>\n<\/div><\/div>\t\t<\/div>\r\n\t\t\t<\/article>\r\n<\/div>\t<div class=\"w-grid-preloader\">\r\n\t\t<div class=\"g-preloader type_1\">\r\n\t\t\t<div><\/div>\r\n\t\t<\/div>\r\n\t<\/div>\r\n\t\t<div class=\"w-grid-json hidden\" onclick='return {&quot;action&quot;:&quot;us_ajax_grid&quot;,&quot;infinite_scroll&quot;:0,&quot;max_num_pages&quot;:1,&quot;pagination&quot;:&quot;infinite&quot;,&quot;template_vars&quot;:{&quot;columns&quot;:&quot;3&quot;,&quot;exclude_items&quot;:&quot;none&quot;,&quot;img_size&quot;:&quot;default&quot;,&quot;ignore_items_size&quot;:&quot;1&quot;,&quot;items_layout&quot;:&quot;15143&quot;,&quot;items_offset&quot;:&quot;1&quot;,&quot;load_animation&quot;:&quot;fade&quot;,&quot;overriding_link&quot;:&quot;%7B%22type%22%3A%22popup_image%22%7D&quot;,&quot;post_id&quot;:0,&quot;query_args&quot;:{&quot;post_type&quot;:[&quot;attachment&quot;],&quot;post__in&quot;:[&quot;3321&quot;,&quot;3369&quot;,&quot;3381&quot;,&quot;3349&quot;,&quot;3341&quot;,&quot;3337&quot;,&quot;3329&quot;,&quot;3353&quot;,&quot;3357&quot;,&quot;3333&quot;,&quot;3313&quot;,&quot;3393&quot;,&quot;3345&quot;,&quot;3309&quot;,&quot;3365&quot;,&quot;3361&quot;,&quot;3373&quot;,&quot;3317&quot;,&quot;3325&quot;,&quot;3401&quot;,&quot;3405&quot;,&quot;3397&quot;,&quot;3389&quot;,&quot;3385&quot;,&quot;3377&quot;],&quot;post_status&quot;:&quot;inherit&quot;,&quot;post_mime_type&quot;:&quot;image&quot;,&quot;posts_per_page&quot;:&quot;40&quot;},&quot;orderby_query_args&quot;:{&quot;orderby&quot;:{&quot;post__in&quot;:&quot;ASC&quot;},&quot;order&quot;:&quot;ASC&quot;},&quot;type&quot;:&quot;masonry&quot;,&quot;us_grid_post_type&quot;:&quot;attachment&quot;,&quot;us_grid_ajax_index&quot;:1,&quot;us_grid_filter_query_string&quot;:null,&quot;us_grid_index&quot;:1,&quot;page_args&quot;:[],&quot;lang&quot;:&quot;cs&quot;}}'><\/div>\r\n\t<\/div><div class=\"w-separator size_medium\"><\/div><\/div><\/div><\/div><\/div><\/section>\n","protected":false},"excerpt":{"rendered":"","protected":false},"author":1,"featured_media":73379,"parent":0,"menu_order":23,"comment_status":"closed","ping_status":"closed","template":"","meta":{"_acf_changed":false,"_seopress_titles_title":"Villa Greta v m\u00e9di\u00edch | O Gret\u011b v knih\u00e1ch, novin\u00e1ch a TV","_seopress_titles_desc":"P\u0159e\u010dt\u011bte si o Ville Greta | \u010cl\u00e1nky v den\u00edc\u00edch, t\u00fdden\u00edc\u00edch a m\u011bs\u00ed\u010dn\u00edc\u00edch | Knihy, ve kter\u00fdch si p\u0159e\u010dtete o Gret\u011b | Villa Greta v m\u00e9di\u00edch","_seopress_robots_index":"","_seopress_robots_follow":"","_seopress_robots_imageindex":"","_seopress_robots_snippet":"","_seopress_robots_primary_cat":"","_seopress_robots_breadcrumbs":"","_seopress_robots_freeze_modified_date":"","_seopress_robots_custom_modified_date":"","_seopress_robots_canonical":"","_seopress_social_fb_title":"","_seopress_social_fb_desc":"","_seopress_social_fb_img":"","_seopress_social_fb_img_attachment_id":0,"_seopress_social_fb_img_width":0,"_seopress_social_fb_img_height":0,"_seopress_social_twitter_title":"","_seopress_social_twitter_desc":"","_seopress_social_twitter_img":"","_seopress_social_twitter_img_attachment_id":0,"_seopress_social_twitter_img_width":0,"_seopress_social_twitter_img_height":0,"_seopress_redirections_value":"","_seopress_redirections_enabled":"","_seopress_redirections_enabled_regex":"","_seopress_redirections_logged_status":"oboj\u00ed","_seopress_redirections_param":"","_seopress_redirections_type":301,"_seopress_analysis_target_kw":"Villa Greta v m\u00e9di\u00edch","_seopress_news_disabled":"","_seopress_video_disabled":"","_seopress_video":[],"_seopress_pro_schemas_manual":[],"_seopress_pro_rich_snippets_disable_all":"","_seopress_pro_rich_snippets_disable":[],"_seopress_pro_schemas":[],"inline_featured_image":false,"footnotes":""},"vg_page_category":[],"class_list":["post-73377","page","type-page","status-publish","has-post-thumbnail"],"acf":[],"_links":{"self":[{"href":"https:\/\/www.villagreta.pl\/cs\/wp-json\/wp\/v2\/pages\/73377","targetHints":{"allow":["GET"]}}],"collection":[{"href":"https:\/\/www.villagreta.pl\/cs\/wp-json\/wp\/v2\/pages"}],"about":[{"href":"https:\/\/www.villagreta.pl\/cs\/wp-json\/wp\/v2\/types\/page"}],"author":[{"embeddable":true,"href":"https:\/\/www.villagreta.pl\/cs\/wp-json\/wp\/v2\/users\/1"}],"replies":[{"embeddable":true,"href":"https:\/\/www.villagreta.pl\/cs\/wp-json\/wp\/v2\/comments?post=73377"}],"version-history":[{"count":0,"href":"https:\/\/www.villagreta.pl\/cs\/wp-json\/wp\/v2\/pages\/73377\/revisions"}],"wp:featuredmedia":[{"embeddable":true,"href":"https:\/\/www.villagreta.pl\/cs\/wp-json\/wp\/v2\/media\/73379"}],"wp:attachment":[{"href":"https:\/\/www.villagreta.pl\/cs\/wp-json\/wp\/v2\/media?parent=73377"}],"wp:term":[{"taxonomy":"vg_page_category","embeddable":true,"href":"https:\/\/www.villagreta.pl\/cs\/wp-json\/wp\/v2\/vg_page_category?post=73377"}],"curies":[{"name":"wp","href":"https:\/\/api.w.org\/{rel}","templated":true}]}}