{"id":26420,"date":"2021-04-10T20:35:44","date_gmt":"2021-04-10T18:35:44","guid":{"rendered":"https:\/\/www.villagreta.pl\/aktuelles-menu\/"},"modified":"2026-08-31T20:27:53","modified_gmt":"2026-08-31T18:27:53","slug":"aktuelles-menu","status":"publish","type":"page","link":"https:\/\/www.villagreta.pl\/de\/restaurant\/aktuelles-menu\/","title":{"rendered":"Aktuelle Speisekarte"},"content":{"rendered":"<section class=\"l-section wpb_row height_small\"><div class=\"l-section-h i-cf\"><div class=\"g-cols vc_row via_grid cols_3-1 laptops-cols_inherit tablets-cols_inherit mobiles-cols_1 valign_top type_default stacking_default\"><div class=\"wpb_column vc_column_container us_custom_120a3463 round-corners has_bg_color\"><div class=\"vc_column-inner\">\n<ul class=\"restaurant-menu\">\n        <li class=\"section-title\"><h3>Vorspeisen<\/h3><\/li>\n            <li>\n            <div class=\"item-photo w-image has_ratio\"><a ref=\"magnificPopup\" href=\"https:\/\/media.villagreta.pl\/chleb-zytni-ze-smalcem.jpg\" aria-label=\"Roggen-Sauerteigbrot**, hausgemachtes Schmalz*, Essiggurke** (170 g\/110 g\/100 g)\" class=\"w-image-h\"><div style=\"padding-bottom:100%\"><\/div><img decoding=\"async\" width=\"150\" height=\"150\" src=\"https:\/\/media.villagreta.pl\/chleb-zytni-ze-smalcem-150x150.jpg\" class=\"attachment-thumbnail size-thumbnail \" alt=\"Roggen-Sauerteigbrot**, hausgemachtes Schmalz*, Essiggurke** (170 g\/110 g\/100 g)\" loading=\"lazy\"><\/a><\/div>\n            <div class=\"item-title\">Roggen-Sauerteigbrot**, hausgemachtes Schmalz*, Essiggurke** (170 g\/110 g\/100 g)<\/div> <div class=\"item-dietary\"><\/div>\n            <div class=\"item-price\">28<\/div>\n            <\/li>\n            <li>\n            <div class=\"item-photo w-image has_ratio\"><a ref=\"magnificPopup\" href=\"https:\/\/media.villagreta.pl\/chleb-ze-smalcem-vege.jpg\" aria-label=\"Roggen-Sauerteigbrot**, veganes Schweinefett*, Essiggurke** (170 g\/110 g\/100 g)\" class=\"w-image-h\"><div style=\"padding-bottom:100%\"><\/div><img decoding=\"async\" width=\"150\" height=\"150\" src=\"https:\/\/media.villagreta.pl\/chleb-ze-smalcem-vege-150x150.jpg\" class=\"attachment-thumbnail size-thumbnail \" alt=\"Roggen-Sauerteigbrot**, veganes Schweinefett*, Essiggurke** (170 g\/110 g\/100 g)\" loading=\"lazy\"><\/a><\/div>\n            <div class=\"item-title\">Roggen-Sauerteigbrot**, veganes Schweinefett*, Essiggurke** (170 g\/110 g\/100 g)<\/div> <div class=\"item-dietary\"><img decoding=\"async\" src=\"https:\/\/www.villagreta.pl\/wp-content\/plugins\/vg-core\/\/assets\/images\/vege.svg\" alt=\"Vege\"><img decoding=\"async\" src=\"https:\/\/www.villagreta.pl\/wp-content\/plugins\/vg-core\/\/assets\/images\/vegan.svg\" alt=\"Vegan\"><\/div>\n            <div class=\"item-price\">28<\/div>\n            <\/li>\n            <li>\n            <div class=\"item-photo w-image has_ratio\"><a ref=\"magnificPopup\" href=\"https:\/\/media.villagreta.pl\/tarta-serowo-szpinakowa.jpg\" aria-label=\"K\u00e4se-Spinat-Tarte, Zucchini** BIO aus unserem Garten, Joghurt-Minz-Dip**, Salatmischung (160 g\/30 g\/20 g)\" class=\"w-image-h\"><div style=\"padding-bottom:100%\"><\/div><img decoding=\"async\" width=\"150\" height=\"150\" src=\"https:\/\/media.villagreta.pl\/tarta-serowo-szpinakowa-150x150.jpg\" class=\"attachment-thumbnail size-thumbnail \" alt=\"K\u00e4se-Spinat-Tarte, Zucchini** BIO aus unserem Garten, Joghurt-Minz-Dip**, Salatmischung (160 g\/30 g\/20 g)\" loading=\"lazy\"><\/a><\/div>\n            <div class=\"item-title\">K\u00e4se-Spinat-Tarte, Zucchini** BIO aus unserem Garten, Joghurt-Minz-Dip**, Salatmischung (160 g\/30 g\/20 g)<\/div> <div class=\"item-dietary\"><img decoding=\"async\" src=\"https:\/\/www.villagreta.pl\/wp-content\/plugins\/vg-core\/\/assets\/images\/vege.svg\" alt=\"Vege\"><\/div>\n            <div class=\"item-price\">32<\/div>\n            <\/li>\n            <li>\n            <div class=\"item-photo w-image has_ratio\"><a ref=\"magnificPopup\" href=\"https:\/\/media.villagreta.pl\/salatka-grety-z-kaczka.jpg\" aria-label=\"Gretas Salat: Kopfsalat, ger\u00e4ucherte Entenbrust, Tomaten, Zucchini**, Fruchtvinaigrette*, Honig* (80 g\/80 g\/30 g\/20 g\/20 g)\" class=\"w-image-h\"><div style=\"padding-bottom:100%\"><\/div><img decoding=\"async\" width=\"150\" height=\"150\" src=\"https:\/\/media.villagreta.pl\/salatka-grety-z-kaczka-150x150.jpg\" class=\"attachment-thumbnail size-thumbnail \" alt=\"Gretas Salat: Kopfsalat, ger\u00e4ucherte Entenbrust, Tomaten, Zucchini**, Fruchtvinaigrette*, Honig* (80 g\/80 g\/30 g\/20 g\/20 g)\" loading=\"lazy\"><\/a><\/div>\n            <div class=\"item-title\">Gretas Salat: Kopfsalat, ger\u00e4ucherte Entenbrust, Tomaten, Zucchini**, Fruchtvinaigrette*, Honig* (80 g\/80 g\/30 g\/20 g\/20 g)<\/div> <div class=\"item-dietary\"><img class=\"gf-icon\" decoding=\"async\" src=\"https:\/\/www.villagreta.pl\/wp-content\/plugins\/vg-core\/\/assets\/images\/gf.svg\" alt=\"Gluten Free\"><\/div>\n            <div class=\"item-price\">59<\/div>\n            <\/li>\n            <li>\n            <div class=\"item-photo w-image has_ratio\"><a ref=\"magnificPopup\" href=\"https:\/\/media.villagreta.pl\/salatka-grety-1.jpg\" aria-label=\"Gretas Salat: Kopfsalat, Ziegenk\u00e4se* aus Grudno, Tomaten, Zucchini**, Fruchtvinaigrette*, Waln\u00fcsse**, Honig* (80 g\/80 g\/30 g\/20 g\/20 g)\" class=\"w-image-h\"><div style=\"padding-bottom:100%\"><\/div><img decoding=\"async\" width=\"150\" height=\"150\" src=\"https:\/\/media.villagreta.pl\/salatka-grety-1-150x150.jpg\" class=\"attachment-thumbnail size-thumbnail \" alt=\"Gretas Salat: Kopfsalat, Ziegenk\u00e4se* aus Grudno, Tomaten, Zucchini**, Fruchtvinaigrette*, Waln\u00fcsse**, Honig* (80 g\/80 g\/30 g\/20 g\/20 g)\" loading=\"lazy\"><\/a><\/div>\n            <div class=\"item-title\">Gretas Salat: Kopfsalat, Ziegenk\u00e4se* aus Grudno, Tomaten, Zucchini**, Fruchtvinaigrette*, Waln\u00fcsse**, Honig* (80 g\/80 g\/30 g\/20 g\/20 g)<\/div> <div class=\"item-dietary\"><img class=\"gf-icon\" decoding=\"async\" src=\"https:\/\/www.villagreta.pl\/wp-content\/plugins\/vg-core\/\/assets\/images\/gf.svg\" alt=\"Gluten Free\"><img decoding=\"async\" src=\"https:\/\/www.villagreta.pl\/wp-content\/plugins\/vg-core\/\/assets\/images\/vege.svg\" alt=\"Vege\"><\/div>\n            <div class=\"item-price\">59<\/div>\n            <\/li>\n            <li>\n            <div class=\"item-photo w-image has_ratio\"><a ref=\"magnificPopup\" href=\"https:\/\/media.villagreta.pl\/bataty-pieczone-1.jpg\" aria-label=\"Karamellisierte S\u00fc\u00dfkartoffeln mit Ricotta* von Kamila aus Grudno, aromatischer Kr\u00e4utersauce, ger\u00f6steten Waln\u00fcssen**, Vulkansalz (160 g\/50 g\/40 g\/5 g)\" class=\"w-image-h\"><div style=\"padding-bottom:100%\"><\/div><img decoding=\"async\" width=\"150\" height=\"150\" src=\"https:\/\/media.villagreta.pl\/bataty-pieczone-1-150x150.jpg\" class=\"attachment-thumbnail size-thumbnail \" alt=\"Karamellisierte S\u00fc\u00dfkartoffeln mit Ricotta* von Kamila aus Grudno, aromatischer Kr\u00e4utersauce, ger\u00f6steten Waln\u00fcssen**, Vulkansalz (160 g\/50 g\/40 g\/5 g)\" loading=\"lazy\"><\/a><\/div>\n            <div class=\"item-title\">Karamellisierte S\u00fc\u00dfkartoffeln mit Ricotta* von Kamila aus Grudno, aromatischer Kr\u00e4utersauce, ger\u00f6steten Waln\u00fcssen**, Vulkansalz (160 g\/50 g\/40 g\/5 g)<\/div> <div class=\"item-dietary\"><img class=\"gf-icon\" decoding=\"async\" src=\"https:\/\/www.villagreta.pl\/wp-content\/plugins\/vg-core\/\/assets\/images\/gf.svg\" alt=\"Gluten Free\"><img decoding=\"async\" src=\"https:\/\/www.villagreta.pl\/wp-content\/plugins\/vg-core\/\/assets\/images\/vege.svg\" alt=\"Vege\"><\/div>\n            <div class=\"item-price\">38<\/div>\n            <\/li><li class=\"section-title\"><h3>Suppen<\/h3><\/li>\n            <li>\n            <div class=\"item-photo w-image has_ratio\"><a ref=\"magnificPopup\" href=\"https:\/\/media.villagreta.pl\/1-rosol.jpg\" aria-label=\"Br\u00fche* auf 3 Fleischsorten mit hausgemachten Nudeln ** (nur am Sonntag).\" class=\"w-image-h\"><div style=\"padding-bottom:100%\"><\/div><img decoding=\"async\" width=\"150\" height=\"150\" src=\"https:\/\/media.villagreta.pl\/1-rosol-150x150.jpg\" class=\"attachment-thumbnail size-thumbnail \" alt=\"Br\u00fche* auf 3 Fleischsorten mit hausgemachten Nudeln ** (nur am Sonntag).\" loading=\"lazy\"><\/a><\/div>\n            <div class=\"item-title\">Br\u00fche* auf 3 Fleischsorten mit hausgemachten Nudeln ** (nur am Sonntag).<\/div> <div class=\"item-dietary\"><\/div>\n            <div class=\"item-price\">29<\/div>\n            <\/li>\n            <li>\n            <div class=\"item-photo w-image has_ratio\"><a ref=\"magnificPopup\" href=\"https:\/\/media.villagreta.pl\/rybna-zupa.jpg\" aria-label=\"Fischsuppe aus Fischbr\u00fche im thail\u00e4ndischen Stil, Lachs, Kabeljau, Sellerie, Zitronengras, Kokosmilch\" class=\"w-image-h\"><div style=\"padding-bottom:100%\"><\/div><img decoding=\"async\" width=\"150\" height=\"150\" src=\"https:\/\/media.villagreta.pl\/rybna-zupa-150x150.jpg\" class=\"attachment-thumbnail size-thumbnail \" alt=\"Fischsuppe aus Fischbr\u00fche im thail\u00e4ndischen Stil, Lachs, Kabeljau, Sellerie, Zitronengras, Kokosmilch\" loading=\"lazy\"><\/a><\/div>\n            <div class=\"item-title\">Fischsuppe aus Fischbr\u00fche im thail\u00e4ndischen Stil, Lachs, Kabeljau, Sellerie, Zitronengras, Kokosmilch<\/div> <div class=\"item-dietary\"><img class=\"gf-icon\" decoding=\"async\" src=\"https:\/\/www.villagreta.pl\/wp-content\/plugins\/vg-core\/\/assets\/images\/gf.svg\" alt=\"Gluten Free\"><\/div>\n            <div class=\"item-price\">36<\/div>\n            <\/li>\n            <li>\n            <div class=\"item-photo w-image has_ratio\"><a ref=\"magnificPopup\" href=\"https:\/\/media.villagreta.pl\/najlepszy-chlodnik.jpg\" aria-label=\"Roter Borschtsch* (450 ml)\" class=\"w-image-h\"><div style=\"padding-bottom:100%\"><\/div><img decoding=\"async\" width=\"150\" height=\"150\" src=\"https:\/\/media.villagreta.pl\/najlepszy-chlodnik-150x150.jpg\" class=\"attachment-thumbnail size-thumbnail \" alt=\"Roter Borschtsch* (450 ml)\" loading=\"lazy\"><\/a><\/div>\n            <div class=\"item-title\">Roter Borschtsch* (450 ml)<\/div> <div class=\"item-dietary\"><img class=\"gf-icon\" decoding=\"async\" src=\"https:\/\/www.villagreta.pl\/wp-content\/plugins\/vg-core\/\/assets\/images\/gf.svg\" alt=\"Gluten Free\"><img decoding=\"async\" src=\"https:\/\/www.villagreta.pl\/wp-content\/plugins\/vg-core\/\/assets\/images\/vege.svg\" alt=\"Vege\"><img decoding=\"async\" src=\"https:\/\/www.villagreta.pl\/wp-content\/plugins\/vg-core\/\/assets\/images\/vegan.svg\" alt=\"Vegan\"><\/div>\n            <div class=\"item-price\">29<\/div>\n            <\/li>\n            <li>\n            <div class=\"item-photo w-image has_ratio\"><a ref=\"magnificPopup\" href=\"https:\/\/media.villagreta.pl\/zupa-pomidorowa-1.jpg\" aria-label=\"Tomatensuppe mit Basmatireis (450 ml)\" class=\"w-image-h\"><div style=\"padding-bottom:100%\"><\/div><img decoding=\"async\" width=\"150\" height=\"150\" src=\"https:\/\/media.villagreta.pl\/zupa-pomidorowa-1-150x150.jpg\" class=\"attachment-thumbnail size-thumbnail \" alt=\"Tomatensuppe mit Basmatireis (450 ml)\" loading=\"lazy\"><\/a><\/div>\n            <div class=\"item-title\">Tomatensuppe mit Basmatireis (450 ml)<\/div> <div class=\"item-dietary\"><img class=\"gf-icon\" decoding=\"async\" src=\"https:\/\/www.villagreta.pl\/wp-content\/plugins\/vg-core\/\/assets\/images\/gf.svg\" alt=\"Gluten Free\"><img decoding=\"async\" src=\"https:\/\/www.villagreta.pl\/wp-content\/plugins\/vg-core\/\/assets\/images\/vege.svg\" alt=\"Vege\"><img decoding=\"async\" src=\"https:\/\/www.villagreta.pl\/wp-content\/plugins\/vg-core\/\/assets\/images\/vegan.svg\" alt=\"Vegan\"><\/div>\n            <div class=\"item-price\">25<\/div>\n            <\/li>\n            <li>\n            <div class=\"item-photo w-image has_ratio\"><a ref=\"magnificPopup\" href=\"https:\/\/media.villagreta.pl\/krem-z-selera.jpg\" aria-label=\"VEGETARISCHE Zucchinicreme** BIO aus unserem Garten, Croutons*, Gr\u00fcnkohlchips**, s\u00fc\u00dfe Sahne (350 ml)\" class=\"w-image-h\"><div style=\"padding-bottom:100%\"><\/div><img decoding=\"async\" width=\"150\" height=\"150\" src=\"https:\/\/media.villagreta.pl\/krem-z-selera-150x150.jpg\" class=\"attachment-thumbnail size-thumbnail \" alt=\"VEGETARISCHE Zucchinicreme** BIO aus unserem Garten, Croutons*, Gr\u00fcnkohlchips**, s\u00fc\u00dfe Sahne (350 ml)\" loading=\"lazy\"><\/a><\/div>\n            <div class=\"item-title\">VEGETARISCHE Zucchinicreme** BIO aus unserem Garten, Croutons*, Gr\u00fcnkohlchips**, s\u00fc\u00dfe Sahne (350 ml)<\/div> <div class=\"item-dietary\"><img class=\"gf-icon\" decoding=\"async\" src=\"https:\/\/www.villagreta.pl\/wp-content\/plugins\/vg-core\/\/assets\/images\/gf.svg\" alt=\"Gluten Free\"><img decoding=\"async\" src=\"https:\/\/www.villagreta.pl\/wp-content\/plugins\/vg-core\/\/assets\/images\/vege.svg\" alt=\"Vege\"><img decoding=\"async\" src=\"https:\/\/www.villagreta.pl\/wp-content\/plugins\/vg-core\/\/assets\/images\/vegan.svg\" alt=\"Vegan\"><\/div>\n            <div class=\"item-price\">32<\/div>\n            <\/li><li class=\"section-title\"><h3>Gem\u00fcse<\/h3><\/li>\n            <li>\n            <div class=\"item-photo w-image has_ratio\"><a ref=\"magnificPopup\" href=\"https:\/\/media.villagreta.pl\/golabki-vege.jpg\" aria-label=\"Gef\u00fcllte Kohlrouladen mit wei\u00dfem Buchweizen*\u00d6ko und Gem\u00fcse, Tomatensauce\" class=\"w-image-h\"><div style=\"padding-bottom:100%\"><\/div><img decoding=\"async\" width=\"150\" height=\"150\" src=\"https:\/\/media.villagreta.pl\/golabki-vege-150x150.jpg\" class=\"attachment-thumbnail size-thumbnail \" alt=\"Gef\u00fcllte Kohlrouladen mit wei\u00dfem Buchweizen*\u00d6ko und Gem\u00fcse, Tomatensauce\" loading=\"lazy\"><\/a><\/div>\n            <div class=\"item-title\">Gef\u00fcllte Kohlrouladen mit wei\u00dfem Buchweizen*\u00d6ko und Gem\u00fcse, Tomatensauce<\/div> <div class=\"item-dietary\"><img class=\"gf-icon\" decoding=\"async\" src=\"https:\/\/www.villagreta.pl\/wp-content\/plugins\/vg-core\/\/assets\/images\/gf.svg\" alt=\"Gluten Free\"><img decoding=\"async\" src=\"https:\/\/www.villagreta.pl\/wp-content\/plugins\/vg-core\/\/assets\/images\/vege.svg\" alt=\"Vege\"><img decoding=\"async\" src=\"https:\/\/www.villagreta.pl\/wp-content\/plugins\/vg-core\/\/assets\/images\/vegan.svg\" alt=\"Vegan\"><\/div>\n            <div class=\"item-price\">58<\/div>\n            <\/li>\n            <li>\n            <div class=\"item-photo w-image has_ratio\"><a ref=\"magnificPopup\" href=\"https:\/\/media.villagreta.pl\/knedle-ze-sliwkami1.jpg\" aria-label=\"Kn\u00f6del mit Pflaumen aus unserem Garten** und Zimtcreme 1) 2) 3) (400 g\/70 g)\" class=\"w-image-h\"><div style=\"padding-bottom:100%\"><\/div><img decoding=\"async\" width=\"150\" height=\"150\" src=\"https:\/\/media.villagreta.pl\/knedle-ze-sliwkami1-150x150.jpg\" class=\"attachment-thumbnail size-thumbnail \" alt=\"Kn\u00f6del mit Pflaumen aus unserem Garten** und Zimtcreme 1) 2) 3) (400 g\/70 g)\" loading=\"lazy\"><\/a><\/div>\n            <div class=\"item-title\">Kn\u00f6del mit Pflaumen aus unserem Garten** und Zimtcreme 1) 2) 3) (400 g\/70 g)<\/div> <div class=\"item-dietary\"><img decoding=\"async\" src=\"https:\/\/www.villagreta.pl\/wp-content\/plugins\/vg-core\/\/assets\/images\/vege.svg\" alt=\"Vege\"><\/div>\n            <div class=\"item-price\">42<\/div>\n            <\/li>\n            <li>\n            <div class=\"item-photo w-image has_ratio\"><\/div>\n            <div class=\"item-title\">Samosas \u2013 indische Teigtaschen gef\u00fcllt mit Gem\u00fcse, gr\u00fcner Koriandersauce und Pfeffersauce<\/div> <div class=\"item-dietary\"><img class=\"gf-icon\" decoding=\"async\" src=\"https:\/\/www.villagreta.pl\/wp-content\/plugins\/vg-core\/\/assets\/images\/gf.svg\" alt=\"Gluten Free\"><img decoding=\"async\" src=\"https:\/\/www.villagreta.pl\/wp-content\/plugins\/vg-core\/\/assets\/images\/vege.svg\" alt=\"Vege\"><\/div>\n            <div class=\"item-price\">48<\/div>\n            <\/li><li class=\"section-title\"><h3>Fisch<\/h3><\/li>\n            <li>\n            <div class=\"item-photo w-image has_ratio\"><a ref=\"magnificPopup\" href=\"https:\/\/media.villagreta.pl\/sandacz.jpg\" aria-label=\"Zander mit Bursztyn-K\u00e4sechips, Kurkuma-Kartoffelp\u00fcree*, cremiger Weinsauce, Kirschtomaten, Erbsen (150 g\/150 g\/80 g)\" class=\"w-image-h\"><div style=\"padding-bottom:100%\"><\/div><img decoding=\"async\" width=\"150\" height=\"150\" src=\"https:\/\/media.villagreta.pl\/sandacz-150x150.jpg\" class=\"attachment-thumbnail size-thumbnail \" alt=\"Zander mit Bursztyn-K\u00e4sechips, Kurkuma-Kartoffelp\u00fcree*, cremiger Weinsauce, Kirschtomaten, Erbsen (150 g\/150 g\/80 g)\" loading=\"lazy\"><\/a><\/div>\n            <div class=\"item-title\">Zander mit Bursztyn-K\u00e4sechips, Kurkuma-Kartoffelp\u00fcree*, cremiger Weinsauce, Kirschtomaten, Erbsen (150 g\/150 g\/80 g)<\/div> <div class=\"item-dietary\"><\/div>\n            <div class=\"item-price\">82<\/div>\n            <\/li>\n            <li>\n            <div class=\"item-photo w-image has_ratio\"><a ref=\"magnificPopup\" href=\"https:\/\/media.villagreta.pl\/pstrag-pieczony-dolny-slask.jpg\" aria-label=\"Gebackene Forelle, gebackenes Gem\u00fcse, Kartoffeln, Salat mit Vinaigrette (275 g\/150 g\/40 g)\" class=\"w-image-h\"><div style=\"padding-bottom:100%\"><\/div><img decoding=\"async\" width=\"150\" height=\"150\" src=\"https:\/\/media.villagreta.pl\/pstrag-pieczony-dolny-slask-150x150.jpg\" class=\"attachment-thumbnail size-thumbnail \" alt=\"Gebackene Forelle, gebackenes Gem\u00fcse, Kartoffeln, Salat mit Vinaigrette (275 g\/150 g\/40 g)\" loading=\"lazy\"><\/a><\/div>\n            <div class=\"item-title\">Gebackene Forelle, gebackenes Gem\u00fcse, Kartoffeln, Salat mit Vinaigrette (275 g\/150 g\/40 g)<\/div> <div class=\"item-dietary\"><img class=\"gf-icon\" decoding=\"async\" src=\"https:\/\/www.villagreta.pl\/wp-content\/plugins\/vg-core\/\/assets\/images\/gf.svg\" alt=\"Gluten Free\"><\/div>\n            <div class=\"item-price\">69<\/div>\n            <\/li><li class=\"section-title\"><h3>Gefl\u00fcgel<\/h3><\/li>\n            <li>\n            <div class=\"item-photo w-image has_ratio\"><a ref=\"magnificPopup\" href=\"https:\/\/media.villagreta.pl\/kaczka-z-puree.jpg\" aria-label=\"Entenbrust, Blumenkohlp\u00fcree, glasierte Karotten*, Orangensauce, Honig*, Kr\u00e4uter 3) 10) (180 g\/150 g\/60 g\/20 g)\" class=\"w-image-h\"><div style=\"padding-bottom:100%\"><\/div><img decoding=\"async\" width=\"150\" height=\"150\" src=\"https:\/\/media.villagreta.pl\/kaczka-z-puree-150x150.jpg\" class=\"attachment-thumbnail size-thumbnail \" alt=\"Entenbrust, Blumenkohlp\u00fcree, glasierte Karotten*, Orangensauce, Honig*, Kr\u00e4uter 3) 10) (180 g\/150 g\/60 g\/20 g)\" loading=\"lazy\"><\/a><\/div>\n            <div class=\"item-title\">Entenbrust, Blumenkohlp\u00fcree, glasierte Karotten*, Orangensauce, Honig*, Kr\u00e4uter 3) 10) (180 g\/150 g\/60 g\/20 g)<\/div> <div class=\"item-dietary\"><img class=\"gf-icon\" decoding=\"async\" src=\"https:\/\/www.villagreta.pl\/wp-content\/plugins\/vg-core\/\/assets\/images\/gf.svg\" alt=\"Gluten Free\"><\/div>\n            <div class=\"item-price\">69<\/div>\n            <\/li>\n            <li>\n            <div class=\"item-photo w-image has_ratio\"><a ref=\"magnificPopup\" href=\"https:\/\/media.villagreta.pl\/watrobka-drobiowa.jpg\" aria-label=\"H\u00fchnerleber, Roggenbrot**, Salate*, Obst der Saison, Balsamicosauce, Zwiebeln*, Butter (180 g\/50 g\/40 g\/30 g\/45 g\/20 g)\" class=\"w-image-h\"><div style=\"padding-bottom:100%\"><\/div><img decoding=\"async\" width=\"150\" height=\"150\" src=\"https:\/\/media.villagreta.pl\/watrobka-drobiowa-150x150.jpg\" class=\"attachment-thumbnail size-thumbnail \" alt=\"H\u00fchnerleber, Roggenbrot**, Salate*, Obst der Saison, Balsamicosauce, Zwiebeln*, Butter (180 g\/50 g\/40 g\/30 g\/45 g\/20 g)\" loading=\"lazy\"><\/a><\/div>\n            <div class=\"item-title\">H\u00fchnerleber, Roggenbrot**, Salate*, Obst der Saison, Balsamicosauce, Zwiebeln*, Butter (180 g\/50 g\/40 g\/30 g\/45 g\/20 g)<\/div> <div class=\"item-dietary\"><\/div>\n            <div class=\"item-price\">46<\/div>\n            <\/li><li class=\"section-title\"><h3>Fleisch<\/h3><\/li>\n            <li>\n            <div class=\"item-photo w-image has_ratio\"><a ref=\"magnificPopup\" href=\"https:\/\/media.villagreta.pl\/schabowy-z-koscia.jpg\" aria-label=\"Polnisches Schweinekotelett mit Knochen*, gebraten in ger\u00e4uchertem Speck*, Kartoffeln*, gebratener Kohl* (280 g\/200 g\/150 g)\" class=\"w-image-h\"><div style=\"padding-bottom:100%\"><\/div><img decoding=\"async\" width=\"150\" height=\"150\" src=\"https:\/\/media.villagreta.pl\/schabowy-z-koscia-150x150.jpg\" class=\"attachment-thumbnail size-thumbnail \" alt=\"Polnisches Schweinekotelett mit Knochen*, gebraten in ger\u00e4uchertem Speck*, Kartoffeln*, gebratener Kohl* (280 g\/200 g\/150 g)\" loading=\"lazy\"><\/a><\/div>\n            <div class=\"item-title\">Polnisches Schweinekotelett mit Knochen*, gebraten in ger\u00e4uchertem Speck*, Kartoffeln*, gebratener Kohl* (280 g\/200 g\/150 g)<\/div> <div class=\"item-dietary\"><\/div>\n            <div class=\"item-price\">69<\/div>\n            <\/li>\n            <li>\n            <div class=\"item-photo w-image has_ratio\"><a ref=\"magnificPopup\" href=\"https:\/\/media.villagreta.pl\/baranina-dolny-slask.jpg\" aria-label=\"Hammelragout aus Kaczor\u00f3w*, gegrilltes Gem\u00fcse**, Kartoffeln in der Schale*\" class=\"w-image-h\"><div style=\"padding-bottom:100%\"><\/div><img decoding=\"async\" width=\"150\" height=\"150\" src=\"https:\/\/media.villagreta.pl\/baranina-dolny-slask-150x150.jpg\" class=\"attachment-thumbnail size-thumbnail \" alt=\"Hammelragout aus Kaczor\u00f3w*, gegrilltes Gem\u00fcse**, Kartoffeln in der Schale*\" loading=\"lazy\"><\/a><\/div>\n            <div class=\"item-title\">Hammelragout aus Kaczor\u00f3w*, gegrilltes Gem\u00fcse**, Kartoffeln in der Schale*<\/div> <div class=\"item-dietary\"><img class=\"gf-icon\" decoding=\"async\" src=\"https:\/\/www.villagreta.pl\/wp-content\/plugins\/vg-core\/\/assets\/images\/gf.svg\" alt=\"Gluten Free\"><\/div>\n            <div class=\"item-price\">96<\/div>\n            <\/li>\n            <li>\n            <div class=\"item-photo w-image has_ratio\"><a ref=\"magnificPopup\" href=\"https:\/\/media.villagreta.pl\/bomby-z-baranina.jpg\" aria-label=\"Bomben* mit Lamm*, Zwiebeln* und Speck* (400 g)\" class=\"w-image-h\"><div style=\"padding-bottom:100%\"><\/div><img decoding=\"async\" width=\"150\" height=\"150\" src=\"https:\/\/media.villagreta.pl\/bomby-z-baranina-150x150.jpg\" class=\"attachment-thumbnail size-thumbnail \" alt=\"Bomben* mit Lamm*, Zwiebeln* und Speck* (400 g)\" loading=\"lazy\"><\/a><\/div>\n            <div class=\"item-title\">Bomben* mit Lamm*, Zwiebeln* und Speck* (400 g)<\/div> <div class=\"item-dietary\"><img class=\"gf-icon\" decoding=\"async\" src=\"https:\/\/www.villagreta.pl\/wp-content\/plugins\/vg-core\/\/assets\/images\/gf.svg\" alt=\"Gluten Free\"><\/div>\n            <div class=\"item-price\">58<\/div>\n            <\/li>\n            <li>\n            <div class=\"item-photo w-image has_ratio\"><a ref=\"magnificPopup\" href=\"https:\/\/media.villagreta.pl\/krolik-w-smietanie.jpg\" aria-label=\"Kaninchen in Sahnesauce, Schlesische Kn\u00f6del**, Rote Bete mit Meerrettich (250 g\/200 g\/90 g)\" class=\"w-image-h\"><div style=\"padding-bottom:100%\"><\/div><img decoding=\"async\" width=\"150\" height=\"150\" src=\"https:\/\/media.villagreta.pl\/krolik-w-smietanie-150x150.jpg\" class=\"attachment-thumbnail size-thumbnail \" alt=\"Kaninchen in Sahnesauce, Schlesische Kn\u00f6del**, Rote Bete mit Meerrettich (250 g\/200 g\/90 g)\" loading=\"lazy\"><\/a><\/div>\n            <div class=\"item-title\">Kaninchen in Sahnesauce, Schlesische Kn\u00f6del**, Rote Bete mit Meerrettich (250 g\/200 g\/90 g)<\/div> <div class=\"item-dietary\"><img class=\"gf-icon\" decoding=\"async\" src=\"https:\/\/www.villagreta.pl\/wp-content\/plugins\/vg-core\/\/assets\/images\/gf.svg\" alt=\"Gluten Free\"><\/div>\n            <div class=\"item-price\">88<\/div>\n            <\/li>\n            <li>\n            <div class=\"item-photo w-image has_ratio\"><a ref=\"magnificPopup\" href=\"https:\/\/media.villagreta.pl\/krolik-w-smietanie.jpg\" aria-label=\"Kaninchen* vom lokalen Lieferanten in Sahnesauce, Schlesische Kn\u00f6del**, Rote Bete mit Meerrettich (290 g\/200 g\/90 g)\" class=\"w-image-h\"><div style=\"padding-bottom:100%\"><\/div><img decoding=\"async\" width=\"150\" height=\"150\" src=\"https:\/\/media.villagreta.pl\/krolik-w-smietanie-150x150.jpg\" class=\"attachment-thumbnail size-thumbnail \" alt=\"Kaninchen* vom lokalen Lieferanten in Sahnesauce, Schlesische Kn\u00f6del**, Rote Bete mit Meerrettich (290 g\/200 g\/90 g)\" loading=\"lazy\"><\/a><\/div>\n            <div class=\"item-title\">Kaninchen* vom lokalen Lieferanten in Sahnesauce, Schlesische Kn\u00f6del**, Rote Bete mit Meerrettich (290 g\/200 g\/90 g)<\/div> <div class=\"item-dietary\"><img class=\"gf-icon\" decoding=\"async\" src=\"https:\/\/www.villagreta.pl\/wp-content\/plugins\/vg-core\/\/assets\/images\/gf.svg\" alt=\"Gluten Free\"><\/div>\n            <div class=\"item-price\">99<\/div>\n            <\/li><li class=\"section-title\"><h3>F\u00fcr Kinder<\/h3><\/li>\n            <li>\n            <div class=\"item-photo w-image has_ratio\"><a ref=\"magnificPopup\" href=\"https:\/\/media.villagreta.pl\/filet-z-kurczaka.jpg\" aria-label=\"H\u00fchnerfilet in Dinkel* mit Kartoffeln* und Karottensalat*\" class=\"w-image-h\"><div style=\"padding-bottom:100%\"><\/div><img decoding=\"async\" width=\"150\" height=\"150\" src=\"https:\/\/media.villagreta.pl\/filet-z-kurczaka-150x150.jpg\" class=\"attachment-thumbnail size-thumbnail \" alt=\"H\u00fchnerfilet in Dinkel* mit Kartoffeln* und Karottensalat*\" loading=\"lazy\"><\/a><\/div>\n            <div class=\"item-title\">H\u00fchnerfilet in Dinkel* mit Kartoffeln* und Karottensalat*<\/div> <div class=\"item-dietary\"><\/div>\n            <div class=\"item-price\"><span class=\"price-small\">28<\/span> \/ 42<\/div>\n            <\/li>\n            <li>\n            <div class=\"item-photo w-image has_ratio\"><a ref=\"magnificPopup\" href=\"https:\/\/media.villagreta.pl\/nalesniki-1.jpg\" aria-label=\"Pfannkuchen*, Bio-Konfi** oder Honig* aus Dobk\u00f3w\" class=\"w-image-h\"><div style=\"padding-bottom:100%\"><\/div><img decoding=\"async\" width=\"150\" height=\"150\" src=\"https:\/\/media.villagreta.pl\/nalesniki-1-150x150.jpg\" class=\"attachment-thumbnail size-thumbnail \" alt=\"Pfannkuchen*, Bio-Konfi** oder Honig* aus Dobk\u00f3w\" loading=\"lazy\"><\/a><\/div>\n            <div class=\"item-title\">Pfannkuchen*, Bio-Konfi** oder Honig* aus Dobk\u00f3w<\/div> <div class=\"item-dietary\"><img decoding=\"async\" src=\"https:\/\/www.villagreta.pl\/wp-content\/plugins\/vg-core\/\/assets\/images\/vege.svg\" alt=\"Vege\"><\/div>\n            <div class=\"item-price\">27<\/div>\n            <\/li>\n            <li>\n            <div class=\"item-photo w-image has_ratio\"><a ref=\"magnificPopup\" href=\"https:\/\/media.villagreta.pl\/nalesniki-twarog-1.jpg\" aria-label=\"Vege-Pancaces* mit s\u00fcssem Quark \" class=\"w-image-h\"><div style=\"padding-bottom:100%\"><\/div><img decoding=\"async\" width=\"150\" height=\"150\" src=\"https:\/\/media.villagreta.pl\/nalesniki-twarog-1-150x150.jpg\" class=\"attachment-thumbnail size-thumbnail \" alt=\"Vege-Pancaces* mit s\u00fcssem Quark \" loading=\"lazy\"><\/a><\/div>\n            <div class=\"item-title\">Vege-Pancaces* mit s\u00fcssem Quark <\/div> <div class=\"item-dietary\"><img decoding=\"async\" src=\"https:\/\/www.villagreta.pl\/wp-content\/plugins\/vg-core\/\/assets\/images\/vege.svg\" alt=\"Vege\"><\/div>\n            <div class=\"item-price\">32<\/div>\n            <\/li><li class=\"section-title\"><h3>Desserts<\/h3><\/li>\n            <li>\n            <div class=\"item-photo w-image has_ratio\"><a ref=\"magnificPopup\" href=\"https:\/\/media.villagreta.pl\/domowe-ciasto.jpg\" aria-label=\"Hausgemachter Butterkuchen mit Mehl aus einer handwerklichen M\u00fchle* (210 g)\" class=\"w-image-h\"><div style=\"padding-bottom:100%\"><\/div><img decoding=\"async\" width=\"150\" height=\"150\" src=\"https:\/\/media.villagreta.pl\/domowe-ciasto-150x150.jpg\" class=\"attachment-thumbnail size-thumbnail \" alt=\"Hausgemachter Butterkuchen mit Mehl aus einer handwerklichen M\u00fchle* (210 g)\" loading=\"lazy\"><\/a><\/div>\n            <div class=\"item-title\">Hausgemachter Butterkuchen mit Mehl aus einer handwerklichen M\u00fchle* (210 g)<\/div> <div class=\"item-dietary\"><img decoding=\"async\" src=\"https:\/\/www.villagreta.pl\/wp-content\/plugins\/vg-core\/\/assets\/images\/vege.svg\" alt=\"Vege\"><\/div>\n            <div class=\"item-price\">22<\/div>\n            <\/li>\n            <li>\n            <div class=\"item-photo w-image has_ratio\"><a ref=\"magnificPopup\" href=\"https:\/\/media.villagreta.pl\/deser-wulkaniczny-1.jpg\" aria-label=\"Heisser Vulkan- Nachtisch, Vulkanerde, Himbeeren**, karamellisierte weisse Schokolade\" class=\"w-image-h\"><div style=\"padding-bottom:100%\"><\/div><img decoding=\"async\" width=\"150\" height=\"150\" src=\"https:\/\/media.villagreta.pl\/deser-wulkaniczny-1-150x150.jpg\" class=\"attachment-thumbnail size-thumbnail \" alt=\"Heisser Vulkan- Nachtisch, Vulkanerde, Himbeeren**, karamellisierte weisse Schokolade\" loading=\"lazy\"><\/a><\/div>\n            <div class=\"item-title\">Heisser Vulkan- Nachtisch, Vulkanerde, Himbeeren**, karamellisierte weisse Schokolade<\/div> <div class=\"item-dietary\"><img decoding=\"async\" src=\"https:\/\/www.villagreta.pl\/wp-content\/plugins\/vg-core\/\/assets\/images\/vege.svg\" alt=\"Vege\"><\/div>\n            <div class=\"item-price\">34<\/div>\n            <\/li>\n            <li>\n            <div class=\"item-photo w-image has_ratio\"><a ref=\"magnificPopup\" href=\"https:\/\/media.villagreta.pl\/lody-dolny-slask.jpg\" aria-label=\"Eisdessert: 3 Kugeln handwerklich hergestelltes Eis, Schlagsahne, Obst, Toppings\" class=\"w-image-h\"><div style=\"padding-bottom:100%\"><\/div><img decoding=\"async\" width=\"150\" height=\"150\" src=\"https:\/\/media.villagreta.pl\/lody-dolny-slask-150x150.jpg\" class=\"attachment-thumbnail size-thumbnail \" alt=\"Eisdessert: 3 Kugeln handwerklich hergestelltes Eis, Schlagsahne, Obst, Toppings\" loading=\"lazy\"><\/a><\/div>\n            <div class=\"item-title\">Eisdessert: 3 Kugeln handwerklich hergestelltes Eis, Schlagsahne, Obst, Toppings<\/div> <div class=\"item-dietary\"><img class=\"gf-icon\" decoding=\"async\" src=\"https:\/\/www.villagreta.pl\/wp-content\/plugins\/vg-core\/\/assets\/images\/gf.svg\" alt=\"Gluten Free\"><img decoding=\"async\" src=\"https:\/\/www.villagreta.pl\/wp-content\/plugins\/vg-core\/\/assets\/images\/vege.svg\" alt=\"Vege\"><\/div>\n            <div class=\"item-price\">29<\/div>\n            <\/li>\n            <li>\n            <div class=\"item-photo w-image has_ratio\"><\/div>\n            <div class=\"item-title\">Apfelkuchen* aus unseren \u00c4pfeln**BIO (230 g)<\/div> <div class=\"item-dietary\"><\/div>\n            <div class=\"item-price\">22<\/div>\n            <\/li>\n            <li>\n            <div class=\"item-photo w-image has_ratio\"><a ref=\"magnificPopup\" href=\"https:\/\/media.villagreta.pl\/sernik.jpg\" aria-label=\"K\u00e4sekuchen (nicht jeden Tag) (210 g)\" class=\"w-image-h\"><div style=\"padding-bottom:100%\"><\/div><img decoding=\"async\" width=\"150\" height=\"150\" src=\"https:\/\/media.villagreta.pl\/sernik-150x150.jpg\" class=\"attachment-thumbnail size-thumbnail \" alt=\"K\u00e4sekuchen (nicht jeden Tag) (210 g)\" loading=\"lazy\"><\/a><\/div>\n            <div class=\"item-title\">K\u00e4sekuchen (nicht jeden Tag) (210 g)<\/div> <div class=\"item-dietary\"><img decoding=\"async\" src=\"https:\/\/www.villagreta.pl\/wp-content\/plugins\/vg-core\/\/assets\/images\/vege.svg\" alt=\"Vege\"><\/div>\n            <div class=\"item-price\">22<\/div>\n            <\/li>\n            <li>\n            <div class=\"item-photo w-image has_ratio\"><a ref=\"magnificPopup\" href=\"https:\/\/media.villagreta.pl\/ciasto-czekoladowe.jpg\" aria-label=\"Schokoladenkuchen (Nicht f\u00fcr jeden Tag) (210 g)\" class=\"w-image-h\"><div style=\"padding-bottom:100%\"><\/div><img decoding=\"async\" width=\"150\" height=\"150\" src=\"https:\/\/media.villagreta.pl\/ciasto-czekoladowe-150x150.jpg\" class=\"attachment-thumbnail size-thumbnail \" alt=\"Schokoladenkuchen (Nicht f\u00fcr jeden Tag) (210 g)\" loading=\"lazy\"><\/a><\/div>\n            <div class=\"item-title\">Schokoladenkuchen (Nicht f\u00fcr jeden Tag) (210 g)<\/div> <div class=\"item-dietary\"><img decoding=\"async\" src=\"https:\/\/www.villagreta.pl\/wp-content\/plugins\/vg-core\/\/assets\/images\/vege.svg\" alt=\"Vege\"><\/div>\n            <div class=\"item-price\">22<\/div>\n            <\/li><li class=\"section-title\"><h3>Kalte Getr\u00e4nke<\/h3><\/li>\n            <li>\n            <div class=\"item-photo w-image has_ratio\"><\/div>\n            <div class=\"item-title\">Hausgemachtes Kompott**, 300 ml \/ 1000 ml\n<\/div> <div class=\"item-dietary\"><\/div>\n            <div class=\"item-price\"><span class=\"price-small\">9<\/span> \/ 25<\/div>\n            <\/li>\n            <li>\n            <div class=\"item-photo w-image has_ratio\"><\/div>\n            <div class=\"item-title\">L\u00f6wenzahn** oder Holunderbl\u00fcte** aus Dobk\u00f3w 450 ml<\/div> <div class=\"item-dietary\"><\/div>\n            <div class=\"item-price\">14<\/div>\n            <\/li>\n            <li>\n            <div class=\"item-photo w-image has_ratio\"><\/div>\n            <div class=\"item-title\">Nat\u00fcrlicher Saft*BIO aus alten Apfelsorten, verschiedene Sorten, Glas, 750 ml<\/div> <div class=\"item-dietary\"><\/div>\n            <div class=\"item-price\">35<\/div>\n            <\/li>\n            <li>\n            <div class=\"item-photo w-image has_ratio\"><\/div>\n            <div class=\"item-title\">Gepresster, zuckerarmer Saft aus Paszowice: Mirabellenpflaume, 250 ml<\/div> <div class=\"item-dietary\"><\/div>\n            <div class=\"item-price\">28<\/div>\n            <\/li>\n            <li>\n            <div class=\"item-photo w-image has_ratio\"><\/div>\n            <div class=\"item-title\">Gepresster, zuckerarmer Saft aus Paszowice: Haskapbeere, 250 ml<\/div> <div class=\"item-dietary\"><\/div>\n            <div class=\"item-price\">32<\/div>\n            <\/li>\n            <li>\n            <div class=\"item-photo w-image has_ratio\"><\/div>\n            <div class=\"item-title\">Klare Fruchts\u00e4fte: Orange, Apfel, Tomate, 250 ml<\/div> <div class=\"item-dietary\"><\/div>\n            <div class=\"item-price\">9<\/div>\n            <\/li>\n            <li>\n            <div class=\"item-photo w-image has_ratio\"><\/div>\n            <div class=\"item-title\">Pepsi \/ Lipton IceTea \/ 7Up \/ Mirinda, Glas, 200 ml<\/div> <div class=\"item-dietary\"><\/div>\n            <div class=\"item-price\">9<\/div>\n            <\/li>\n            <li>\n            <div class=\"item-photo w-image has_ratio\"><\/div>\n            <div class=\"item-title\">Staropolanka mittelmineralisiertes Wasser, kohlens\u00e4urehaltig oder still | Glas (300 ml | 1000 ml)<\/div> <div class=\"item-dietary\"><\/div>\n            <div class=\"item-price\"><span class=\"price-small\">7<\/span> \/ 19<\/div>\n            <\/li>\n            <li>\n            <div class=\"item-photo w-image has_ratio\"><\/div>\n            <div class=\"item-title\">Brottrunk*, Glas, 500ml*<\/div> <div class=\"item-dietary\"><\/div>\n            <div class=\"item-price\">15<\/div>\n            <\/li><li class=\"section-title\"><h3>Hei\u00dfe Getr\u00e4nke<\/h3><\/li>\n            <li>\n            <div class=\"item-photo w-image has_ratio\"><a ref=\"magnificPopup\" href=\"https:\/\/media.villagreta.pl\/najlepsza-kawa-dolny-slask.jpg\" aria-label=\"Kaffee: schwarz oder mit Milch von der polnischen R\u00f6sterei Mastro Antonio* \/ mit Pflanzenmilch (180 ml)\" class=\"w-image-h\"><div style=\"padding-bottom:100%\"><\/div><img decoding=\"async\" width=\"150\" height=\"150\" src=\"https:\/\/media.villagreta.pl\/najlepsza-kawa-dolny-slask-150x150.jpg\" class=\"attachment-thumbnail size-thumbnail \" alt=\"Kaffee: schwarz oder mit Milch von der polnischen R\u00f6sterei Mastro Antonio* \/ mit Pflanzenmilch (180 ml)\" loading=\"lazy\"><\/a><\/div>\n            <div class=\"item-title\">Kaffee: schwarz oder mit Milch von der polnischen R\u00f6sterei Mastro Antonio* \/ mit Pflanzenmilch (180 ml)<\/div> <div class=\"item-dietary\"><\/div>\n            <div class=\"item-price\"><span class=\"price-small\">9<\/span> \/ 9<\/div>\n            <\/li>\n            <li>\n            <div class=\"item-photo w-image has_ratio\"><a ref=\"magnificPopup\" href=\"https:\/\/media.villagreta.pl\/najlepsza-kawa-dolny-slask.jpg\" aria-label=\"Doppelter Kaffee: schwarz oder mit Milch \/ mit Pflanzenmilch der polnischen R\u00f6sterei Mastro Antonio* (330 ml)\" class=\"w-image-h\"><div style=\"padding-bottom:100%\"><\/div><img decoding=\"async\" width=\"150\" height=\"150\" src=\"https:\/\/media.villagreta.pl\/najlepsza-kawa-dolny-slask-150x150.jpg\" class=\"attachment-thumbnail size-thumbnail \" alt=\"Doppelter Kaffee: schwarz oder mit Milch \/ mit Pflanzenmilch der polnischen R\u00f6sterei Mastro Antonio* (330 ml)\" loading=\"lazy\"><\/a><\/div>\n            <div class=\"item-title\">Doppelter Kaffee: schwarz oder mit Milch \/ mit Pflanzenmilch der polnischen R\u00f6sterei Mastro Antonio* (330 ml)<\/div> <div class=\"item-dietary\"><\/div>\n            <div class=\"item-price\"><span class=\"price-small\">13<\/span> \/ 13<\/div>\n            <\/li>\n            <li>\n            <div class=\"item-photo w-image has_ratio\"><\/div>\n            <div class=\"item-title\">Espresso 8 g \/ doppelter Espresso aus der polnischen R\u00f6sterei Mastro Antonio* (40 ml | 80 ml)<\/div> <div class=\"item-dietary\"><\/div>\n            <div class=\"item-price\"><span class=\"price-small\">9<\/span> \/ 12<\/div>\n            <\/li>\n            <li>\n            <div class=\"item-photo w-image has_ratio\"><a ref=\"magnificPopup\" href=\"https:\/\/media.villagreta.pl\/najlepsza-kawa-dolny-slask.jpg\" aria-label=\"Cappuccino \/ mit Pflanzenmilch der polnischen R\u00f6sterei Mastro Antonio* (230 ml)\" class=\"w-image-h\"><div style=\"padding-bottom:100%\"><\/div><img decoding=\"async\" width=\"150\" height=\"150\" src=\"https:\/\/media.villagreta.pl\/najlepsza-kawa-dolny-slask-150x150.jpg\" class=\"attachment-thumbnail size-thumbnail \" alt=\"Cappuccino \/ mit Pflanzenmilch der polnischen R\u00f6sterei Mastro Antonio* (230 ml)\" loading=\"lazy\"><\/a><\/div>\n            <div class=\"item-title\">Cappuccino \/ mit Pflanzenmilch der polnischen R\u00f6sterei Mastro Antonio* (230 ml)<\/div> <div class=\"item-dietary\"><\/div>\n            <div class=\"item-price\"><span class=\"price-small\">13<\/span> \/ 16<\/div>\n            <\/li>\n            <li>\n            <div class=\"item-photo w-image has_ratio\"><a ref=\"magnificPopup\" href=\"https:\/\/media.villagreta.pl\/kawa-latte.jpg\" aria-label=\"Caff\u00e8 Latte mit Kuhmilch oder pflanzlicher Milch der polnischen R\u00f6sterei Mastro Antonio* (250 ml)\" class=\"w-image-h\"><div style=\"padding-bottom:100%\"><\/div><img decoding=\"async\" width=\"150\" height=\"150\" src=\"https:\/\/media.villagreta.pl\/kawa-latte-150x150.jpg\" class=\"attachment-thumbnail size-thumbnail \" alt=\"Caff\u00e8 Latte mit Kuhmilch oder pflanzlicher Milch der polnischen R\u00f6sterei Mastro Antonio* (250 ml)\" loading=\"lazy\"><\/a><\/div>\n            <div class=\"item-title\">Caff\u00e8 Latte mit Kuhmilch oder pflanzlicher Milch der polnischen R\u00f6sterei Mastro Antonio* (250 ml)<\/div> <div class=\"item-dietary\"><\/div>\n            <div class=\"item-price\"><span class=\"price-small\">19<\/span> \/ 19<\/div>\n            <\/li>\n            <li>\n            <div class=\"item-photo w-image has_ratio\"><\/div>\n            <div class=\"item-title\">Eiskaffee Latte | mit Pflanzenmilch (340 ml)<\/div> <div class=\"item-dietary\"><\/div>\n            <div class=\"item-price\"><span class=\"price-small\">21<\/span> \/ 21<\/div>\n            <\/li>\n            <li>\n            <div class=\"item-photo w-image has_ratio\"><\/div>\n            <div class=\"item-title\">Hei\u00dfe Schokolade, 260 ml<\/div> <div class=\"item-dietary\"><\/div>\n            <div class=\"item-price\">22<\/div>\n            <\/li>\n            <li>\n            <div class=\"item-photo w-image has_ratio\"><\/div>\n            <div class=\"item-title\">Teesorten: Schwarz, Earl-Gray, Gr\u00fcn, Fr\u00fcchte, 500 ml\n<\/div> <div class=\"item-dietary\"><\/div>\n            <div class=\"item-price\">15<\/div>\n            <\/li>\n            <li>\n            <div class=\"item-photo w-image has_ratio\"><\/div>\n            <div class=\"item-title\">Ein Krug mit Kr\u00e4utern** aus unserem Garten, 500 ml<\/div> <div class=\"item-dietary\"><\/div>\n            <div class=\"item-price\">15<\/div>\n            <\/li>\n            <li>\n            <div class=\"item-photo w-image has_ratio\"><\/div>\n            <div class=\"item-title\">Honig* zum Tee<\/div> <div class=\"item-dietary\"><\/div>\n            <div class=\"item-price\">4<\/div>\n            <\/li>\n            <li>\n            <div class=\"item-photo w-image has_ratio\"><\/div>\n            <div class=\"item-title\">Kaffeesirup (fragen Sie Ihren Kellner nach den verf\u00fcgbaren Geschmacksrichtungen) (25 ml)<\/div> <div class=\"item-dietary\"><\/div>\n            <div class=\"item-price\">5<\/div>\n            <\/li><li class=\"section-title\"><h3>Bier<\/h3><\/li>\n            <li>\n            <div class=\"item-photo w-image has_ratio\"><\/div>\n            <div class=\"item-title\">Craftbier der Brauerei Miedzianka*, 0,5 l<\/div> <div class=\"item-dietary\"><\/div>\n            <div class=\"item-price\">19<\/div>\n            <\/li>\n            <li>\n            <div class=\"item-photo w-image has_ratio\"><\/div>\n            <div class=\"item-title\">Sowie Bier*: Lagerbier | M\u00e4rz | Pils | 0,5 l<\/div> <div class=\"item-dietary\"><\/div>\n            <div class=\"item-price\">15<\/div>\n            <\/li>\n            <li>\n            <div class=\"item-photo w-image has_ratio\"><\/div>\n            <div class=\"item-title\">Cieszyn Lagerbier 0,5 l<\/div> <div class=\"item-dietary\"><\/div>\n            <div class=\"item-price\">15<\/div>\n            <\/li>\n            <li>\n            <div class=\"item-photo w-image has_ratio\"><\/div>\n            <div class=\"item-title\">Cieszyn Weizenbier, 0,5 l<\/div> <div class=\"item-dietary\"><\/div>\n            <div class=\"item-price\">17<\/div>\n            <\/li>\n            <li>\n            <div class=\"item-photo w-image has_ratio\"><\/div>\n            <div class=\"item-title\">Sowie Bier* Himbeere, 0,5 l<\/div> <div class=\"item-dietary\"><\/div>\n            <div class=\"item-price\">15<\/div>\n            <\/li>\n            <li>\n            <div class=\"item-photo w-image has_ratio\"><\/div>\n            <div class=\"item-title\">Sowie Beer* Porter, 0,5 l<\/div> <div class=\"item-dietary\"><\/div>\n            <div class=\"item-price\">19<\/div>\n            <\/li>\n            <li>\n            <div class=\"item-photo w-image has_ratio\"><\/div>\n            <div class=\"item-title\">Sowie Bier* alkoholfrei | 0,5 l<\/div> <div class=\"item-dietary\"><\/div>\n            <div class=\"item-price\">15<\/div>\n            <\/li>\n            <li>\n            <div class=\"item-photo w-image has_ratio\"><\/div>\n            <div class=\"item-title\">Svijany: Des\u00edtka | Maz | Ryt\u00ed\u0159 | Kn\u011b\u017ena, Tschechische Republik | 0,5 l<\/div> <div class=\"item-dietary\"><\/div>\n            <div class=\"item-price\">13<\/div>\n            <\/li>\n            <li>\n            <div class=\"item-photo w-image has_ratio\"><\/div>\n            <div class=\"item-title\">Svijany Vozka, alkoholfrei, Tschechische Republik | 0,5 l<\/div> <div class=\"item-dietary\"><\/div>\n            <div class=\"item-price\">13<\/div>\n            <\/li>\n            <li>\n            <div class=\"item-photo w-image has_ratio\"><\/div>\n            <div class=\"item-title\">Warmes Bier mit Honig* und Gew\u00fcrzen, 0,5 l\n<\/div> <div class=\"item-dietary\"><\/div>\n            <div class=\"item-price\">25<\/div>\n            <\/li>\n            <li>\n            <div class=\"item-photo w-image has_ratio\"><\/div>\n            <div class=\"item-title\">Gl\u00fchwein mit Gew\u00fcrzen und Honig*, 0,2 l<\/div> <div class=\"item-dietary\"><\/div>\n            <div class=\"item-price\">25<\/div>\n            <\/li><li class=\"section-title\"><h3>Getr\u00e4nke<\/h3><\/li>\n            <li>\n            <div class=\"item-photo w-image has_ratio\"><a ref=\"magnificPopup\" href=\"https:\/\/media.villagreta.pl\/aperol-villa-greta.jpg\" aria-label=\"Aperol Spritz \/ alkoholfrei (Prosecco, Aperol, Orange) | 230 ml\" class=\"w-image-h\"><div style=\"padding-bottom:100%\"><\/div><img decoding=\"async\" width=\"150\" height=\"150\" src=\"https:\/\/media.villagreta.pl\/aperol-villa-greta-150x150.jpg\" class=\"attachment-thumbnail size-thumbnail \" alt=\"Aperol Spritz \/ alkoholfrei (Prosecco, Aperol, Orange) | 230 ml\" loading=\"lazy\"><\/a><\/div>\n            <div class=\"item-title\">Aperol Spritz \/ alkoholfrei (Prosecco, Aperol, Orange) | 230 ml<\/div> <div class=\"item-dietary\"><\/div>\n            <div class=\"item-price\">29<\/div>\n            <\/li>\n            <li>\n            <div class=\"item-photo w-image has_ratio\"><\/div>\n            <div class=\"item-title\">Rhabarber-Spritzer \/ alkoholfrei (Wei\u00dfwein, Rhabarber, Zitrone) | 240 ml<\/div> <div class=\"item-dietary\"><\/div>\n            <div class=\"item-price\">29<\/div>\n            <\/li>\n            <li>\n            <div class=\"item-photo w-image has_ratio\"><a ref=\"magnificPopup\" href=\"https:\/\/media.villagreta.pl\/drinkbar-dolnoslaskie.jpg\" aria-label=\"Lavendel-Martini (Gin, Zitrone, Lavendel, Minze, Schaum) | 175 ml\" class=\"w-image-h\"><div style=\"padding-bottom:100%\"><\/div><img decoding=\"async\" width=\"150\" height=\"150\" src=\"https:\/\/media.villagreta.pl\/drinkbar-dolnoslaskie-150x150.jpg\" class=\"attachment-thumbnail size-thumbnail \" alt=\"Lavendel-Martini (Gin, Zitrone, Lavendel, Minze, Schaum) | 175 ml\" loading=\"lazy\"><\/a><\/div>\n            <div class=\"item-title\">Lavendel-Martini (Gin, Zitrone, Lavendel, Minze, Schaum) | 175 ml<\/div> <div class=\"item-dietary\"><\/div>\n            <div class=\"item-price\">30<\/div>\n            <\/li>\n            <li>\n            <div class=\"item-photo w-image has_ratio\"><\/div>\n            <div class=\"item-title\">Omas Garten (Wodka, Rhabarber, Zitrone, Bio-Apfel*, Minze) | 230 ml<\/div> <div class=\"item-dietary\"><\/div>\n            <div class=\"item-price\">32<\/div>\n            <\/li>\n            <li>\n            <div class=\"item-photo w-image has_ratio\"><\/div>\n            <div class=\"item-title\">Lavendel-Spritzer \/ alkoholfrei (Wei\u00dfwein, Lavendel, Zitrone) | (\u2248240 ml)<\/div> <div class=\"item-dietary\"><\/div>\n            <div class=\"item-price\">29<\/div>\n            <\/li>\n            <li>\n            <div class=\"item-photo w-image has_ratio\"><\/div>\n            <div class=\"item-title\">Jack Daniel's Whiskey | 40 ml<\/div> <div class=\"item-dietary\"><\/div>\n            <div class=\"item-price\">15<\/div>\n            <\/li>\n            <li>\n            <div class=\"item-photo w-image has_ratio\"><\/div>\n            <div class=\"item-title\">Ballantine's Whisky | 40 ml<\/div> <div class=\"item-dietary\"><\/div>\n            <div class=\"item-price\">12<\/div>\n            <\/li>\n            <li>\n            <div class=\"item-photo w-image has_ratio\"><\/div>\n            <div class=\"item-title\">Wodka | 40 ml<\/div> <div class=\"item-dietary\"><\/div>\n            <div class=\"item-price\">10<\/div>\n            <\/li><li class=\"section-title\"><h3>Rotweine<\/h3><\/li>\n            <li>\n            <div class=\"item-photo w-image has_ratio\"><\/div>\n            <div class=\"item-title\">2019 Tafelwein, 1,0 l \/ 12 cl<\/div> <div class=\"item-dietary\"><\/div>\n            <div class=\"item-price\"><span class=\"price-small\">12<\/span> \/ 80<\/div>\n            <\/li>\n            <li>\n            <div class=\"item-photo w-image has_ratio\"><\/div>\n            <div class=\"item-title\">Alkoholfreier Rotwein, 0,75 l \/ 10 cl<\/div> <div class=\"item-dietary\"><\/div>\n            <div class=\"item-price\"><span class=\"price-small\">12<\/span> \/ 60<\/div>\n            <\/li>\n            <li>\n            <div class=\"item-photo w-image has_ratio\"><\/div>\n            <div class=\"item-title\">PL 2022 Saga Dolio, Saganum, Lubuskie, Polen, 0,75 l<\/div> <div class=\"item-dietary\"><\/div>\n            <div class=\"item-price\">115<\/div>\n            <\/li>\n            <li>\n            <div class=\"item-photo w-image has_ratio\"><\/div>\n            <div class=\"item-title\">PL 2022 Pinot Noir Vineyard Kindler, Niederschlesien, 0,75 l \/ 10 cl<\/div> <div class=\"item-dietary\"><\/div>\n            <div class=\"item-price\">147<\/div>\n            <\/li>\n            <li>\n            <div class=\"item-photo w-image has_ratio\"><\/div>\n            <div class=\"item-title\">2021 Nobu 1830 RISERVA, Famiglia di Carlo, Montepulciano d'Abruzzo (Rebsorte: Montepulciano), Italien, 0,75l<\/div> <div class=\"item-dietary\"><\/div>\n            <div class=\"item-price\">120<\/div>\n            <\/li>\n            <li>\n            <div class=\"item-photo w-image has_ratio\"><\/div>\n            <div class=\"item-title\">PL 2022 Dornfelder, Saganum, Lebuskie, Polen, 0,75 l \/ 10 cl<\/div> <div class=\"item-dietary\"><\/div>\n            <div class=\"item-price\"><span class=\"price-small\">22<\/span> \/ 128<\/div>\n            <\/li>\n            <li>\n            <div class=\"item-photo w-image has_ratio\"><\/div>\n            <div class=\"item-title\">2015 Amarone della Valpolicella Classico, Tamburino Sardo, Italien, 0,75 l<\/div> <div class=\"item-dietary\"><\/div>\n            <div class=\"item-price\">360<\/div>\n            <\/li><li class=\"section-title\"><h3>Wei\u00dfweine<\/h3><\/li>\n            <li>\n            <div class=\"item-photo w-image has_ratio\"><\/div>\n            <div class=\"item-title\">2019 Tafelwein, 1,0 l \/ 12 cl<\/div> <div class=\"item-dietary\"><\/div>\n            <div class=\"item-price\"><span class=\"price-small\">12<\/span> \/ 80<\/div>\n            <\/li>\n            <li>\n            <div class=\"item-photo w-image has_ratio\"><\/div>\n            <div class=\"item-title\">Alkoholfreier Wei\u00dfwein, 0,75 l \/ 10 cl<\/div> <div class=\"item-dietary\"><\/div>\n            <div class=\"item-price\"><span class=\"price-small\">12<\/span> \/ 60<\/div>\n            <\/li>\n            <li>\n            <div class=\"item-photo w-image has_ratio\"><\/div>\n            <div class=\"item-title\">Tutiac Moon Blanc, Sauvignon Blanc, Bordeaux, alkoholfrei, Frankreich, 0,75 l<\/div> <div class=\"item-dietary\"><\/div>\n            <div class=\"item-price\">80<\/div>\n            <\/li>\n            <li>\n            <div class=\"item-photo w-image has_ratio\"><\/div>\n            <div class=\"item-title\">PL 2024 Riesling, Saganum Vineyard, \u017baga\u0144, 0,75 l \/ 10 cl<\/div> <div class=\"item-dietary\"><\/div>\n            <div class=\"item-price\"><span class=\"price-small\">21<\/span> \/ 123<\/div>\n            <\/li>\n            <li>\n            <div class=\"item-photo w-image has_ratio\"><\/div>\n            <div class=\"item-title\">PL 2025 Saga, Saganum Vineyard, \u017baga\u0144, 0,75 l<\/div> <div class=\"item-dietary\"><\/div>\n            <div class=\"item-price\"><span class=\"price-small\">21<\/span> \/ 123<\/div>\n            <\/li>\n            <li>\n            <div class=\"item-photo w-image has_ratio\"><\/div>\n            <div class=\"item-title\">PL 2022 Hibernal, Saganum, Lebuskie, Polen, 0,75 l<\/div> <div class=\"item-dietary\"><\/div>\n            <div class=\"item-price\">132<\/div>\n            <\/li>\n            <li>\n            <div class=\"item-photo w-image has_ratio\"><\/div>\n            <div class=\"item-title\">2025 Green Sun, Sommer, Rivaner, Pfalz, halbtrocken, Bio, Deutschland, 0,75 l<\/div> <div class=\"item-dietary\"><\/div>\n            <div class=\"item-price\"><span class=\"price-small\">18<\/span> \/ 98<\/div>\n            <\/li>\n            <li>\n            <div class=\"item-photo w-image has_ratio\"><\/div>\n            <div class=\"item-title\">PL 2022 Pinot Blanc, Kindler Vineyard, Niederschlesien, 0,75 l \/ 10 cl<\/div> <div class=\"item-dietary\"><\/div>\n            <div class=\"item-price\"><span class=\"price-small\">21<\/span> \/ 120<\/div>\n            <\/li>\n            <li>\n            <div class=\"item-photo w-image has_ratio\"><\/div>\n            <div class=\"item-title\">PL 2023 Johanniter, Kindler Vineyard, Niederschlesien, 0,75 l<\/div> <div class=\"item-dietary\"><\/div>\n            <div class=\"item-price\"><span class=\"price-small\">21<\/span> \/ 120<\/div>\n            <\/li>\n            <li>\n            <div class=\"item-photo w-image has_ratio\"><\/div>\n            <div class=\"item-title\">2021 Chablis VV, Domaine G\u00e9rard Duplessis, Burgund AOC, Frankreich, BIO, 0,75 l<\/div> <div class=\"item-dietary\"><\/div>\n            <div class=\"item-price\">280<\/div>\n            <\/li>\n            <li>\n            <div class=\"item-photo w-image has_ratio\"><\/div>\n            <div class=\"item-title\">2021 Malvazija, Korenika & Mo\u0161kon, Demeter, Slowenien, 0,75l<\/div> <div class=\"item-dietary\"><\/div>\n            <div class=\"item-price\"><span class=\"price-small\">21<\/span> \/ 120<\/div>\n            <\/li><li class=\"section-title\"><h3>Schaumweine<\/h3><\/li>\n            <li>\n            <div class=\"item-photo w-image has_ratio\"><\/div>\n            <div class=\"item-title\">Favorite Brut, Chardonnay, Arbois, Clos Rousseley, NV, Frankreich, 0,75 l<\/div> <div class=\"item-dietary\"><\/div>\n            <div class=\"item-price\">175<\/div>\n            <\/li>\n            <li>\n            <div class=\"item-photo w-image has_ratio\"><\/div>\n            <div class=\"item-title\">Prosecco alkoholfrei, 0,75 l \/ 10 cl<\/div> <div class=\"item-dietary\"><\/div>\n            <div class=\"item-price\"><span class=\"price-small\">12<\/span> \/ 60<\/div>\n            <\/li>\n            <li>\n            <div class=\"item-photo w-image has_ratio\"><\/div>\n            <div class=\"item-title\">Prosecco, 0,75 l \/ 10 cl<\/div> <div class=\"item-dietary\"><\/div>\n            <div class=\"item-price\"><span class=\"price-small\">12<\/span> \/ 60<\/div>\n            <\/li>\n            <li>\n            <div class=\"item-photo w-image has_ratio\"><\/div>\n            <div class=\"item-title\">2024 Tavel T\u00eate de Cuv\u00e9e, Chateau de Manissa, Grenache\/Clairette\/Cinsault, DEMETER, BIO, Rh\u00f4ne-Tal, Frankreich<\/div> <div class=\"item-dietary\"><\/div>\n            <div class=\"item-price\"><span class=\"price-small\">24<\/span> \/ 149<\/div>\n            <\/li><li class=\"section-title\"><h3>S\u00fc\u00dfweine<\/h3><\/li>\n            <li>\n            <div class=\"item-photo w-image has_ratio\"><\/div>\n            <div class=\"item-title\">PL 2022 Johanniter s\u00fc\u00df, Saganum, Lubuskie, 375 ml<\/div> <div class=\"item-dietary\"><\/div>\n            <div class=\"item-price\">115<\/div>\n            <\/li>\n            <li>\n            <div class=\"item-photo w-image has_ratio\"><\/div>\n            <div class=\"item-title\">PL 2024 Hibernatus SWEET, Saganum, 375 ml<\/div> <div class=\"item-dietary\"><\/div>\n            <div class=\"item-price\">135<\/div>\n            <\/li>\n<\/ul>\n\n<\/div><\/div><div class=\"wpb_column vc_column_container us_custom_8f9aea57 sidebar-right has_bg_color\"><div class=\"vc_column-inner\"><h3 class=\"w-text us_custom_eb849559\"><span class=\"w-text-h\"><span class=\"w-text-value\">Informationen<\/span><\/span><\/h3><div class=\"wpb_text_column us_custom_4ee5f50b\"><div class=\"wpb_wrapper\"><ul class=\"dietary-info-list\">\n<li><img decoding=\"async\" class=\"size-full wp-image-17132\" src=\"https:\/\/media.villagreta.pl\/gf.svg\" alt=\"\" width=\"24px\" height=\"24px\">  glutenfreies Gericht<\/li>\n<li><img decoding=\"async\" class=\"alignnone size-full wp-image-17136\" src=\"https:\/\/media.villagreta.pl\/vegan.svg\" alt=\"\" width=\"24px\" height=\"24px\">  vegetarisches Gericht<\/li>\n<li><img decoding=\"async\" class=\"alignnone size-full wp-image-68097\" src=\"https:\/\/media.villagreta.pl\/\/vegan1.svg\" alt=\"vegan\" width=\"24px\" height=\"24px\">  veganes Gericht<\/li>\n<li>** Produkt vom Bauernhof<br \/>\nVilla Greta<\/li>\n<li>* Produkt von regionalen Lieferanten<\/li>\n<li>Preise in Z\u0142oty<\/li>\n<li>Die detaillierte Allergenliste findest du im Restaurant.<\/li>\n<\/ul>\n<\/div><\/div><div class=\"w-btn-wrapper align_justify\"><a class=\"w-btn us-btn-style_4 us_custom_dfad6dcc\" title=\"godziny otwarcia\" href=\"https:\/\/www.villagreta.pl\/de\/restaurant\/#godziny-otwarcia\"><span class=\"w-btn-label\">\u00d6ffnungszeiten<\/span><\/a><\/div><div class=\"w-btn-wrapper align_justify\"><a class=\"w-btn us-btn-style_4 us_custom_dfad6dcc\" title=\"Zobacz ofert\u0119 obiad\u00f3w dla grup zorganizowanych\" href=\"https:\/\/www.villagreta.pl\/de\/restaurant\/organisierte-gruppen\/\"><span class=\"w-btn-label\">Mittagessen f\u00fcr Gruppen<\/span><\/a><\/div><div class=\"w-btn-wrapper align_justify\"><a class=\"w-btn us-btn-style_4 us_custom_dfad6dcc\" title=\"Wynajmij miejsce na przyj\u0119cie okoliczno\u015bciowe\" href=\"https:\/\/www.villagreta.pl\/de\/restaurant\/veranstaltung\/\"><span class=\"w-btn-label\">Feiern<\/span><\/a><\/div><div class=\"w-btn-wrapper align_justify\"><a class=\"w-btn us-btn-style_1 us_custom_dfad6dcc\" target=\"_blank\" title=\"Nawiguj Villa Greta\" href=\"https:\/\/maps.app.goo.gl\/FyDVFqXT3T95P2yg6\"><span class=\"w-btn-label\">Navigiere zum Restaurant<\/span><\/a><\/div><div class=\"w-popup w-btn-wrapper align_justify\"><button class=\"w-popup-trigger type_btn w-btn us-btn-style_1\" aria-label=\"Tisch reservieren\" type=\"button\"><span class=\"w-btn-label\">Tisch reservieren<\/span><\/button><div class=\"w-popup-overlay\" style=\"background:rgba(0,0,0,0.85);\"><\/div><div class=\"w-popup-wrap layout_default position_center-center\" role=\"dialog\" aria-modal=\"true\" aria-label=\"Pop-up\" style=\"--title-color:var(--color-content-heading);--title-bg-color:var(--color-content-bg-alt);--content-color:var(--color-content-text);--content-bg-color:var(--color-content-bg);--popup-border-radius:16px;--popup-width:1100px;--popup-wrap-padding:1.5rem 0;\"><div class=\"w-popup-box animation_fadeIn closerpos_inside without_title\"><div class=\"w-popup-box-h\"><button aria-label=\"Schlie\u00dfen\" class=\"w-popup-closer\" type=\"button\"><\/button><div class=\"w-popup-box-content\"><p><iframe loading=\"lazy\" style=\"border: 0;\" src=\"https:\/\/mojstolik.pl\/restauracja\/Villa%20Greta\/92b90f9423fad32dd856fbca50fbf0b0\/?plugin=true\" width=\"100%\" height=\"900\" frameborder=\"0\"><br \/>\n<\/iframe><\/p>\n<\/div><\/div><\/div><\/div><\/div><\/div><\/div><\/div><\/div><\/section><section class=\"l-section wpb_row height_small\"><div class=\"l-section-h i-cf\"><div class=\"g-cols vc_row via_grid cols_1 laptops-cols_inherit tablets-cols_inherit mobiles-cols_1 valign_top type_default stacking_default\"><div class=\"wpb_column vc_column_container\"><div class=\"vc_column-inner\"><div class=\"w-btn-wrapper align_center\"><a class=\"w-btn us-btn-style_1\" title=\"Zobacz wi\u0119cej zdj\u0119\u0107 naszych da\u0144 w galerii\" href=\"https:\/\/www.villagreta.pl\/de\/galerie\/regionale-kueche\/\"><span class=\"w-btn-label\">Sieh dir unsere Gerichte in der Galerie an<\/span><\/a><\/div><\/div><\/div><\/div><\/div><\/section>\n","protected":false},"excerpt":{"rendered":"Vorspeisen Roggen-Sauerteigbrot**, hausgemachtes Schmalz*, Essiggurke** (170 g\/110 g\/100 g) 28 Roggen-Sauerteigbrot**, veganes Schweinefett*, Essiggurke** (170 g\/110 g\/100 g) 28 K\u00e4se-Spinat-Tarte, Zucchini** BIO aus unserem Garten, Joghurt-Minz-Dip**, Salatmischung (160 g\/30 g\/20 g) 32 Gretas Salat: Kopfsalat, ger\u00e4ucherte Entenbrust, Tomaten, Zucchini**, Fruchtvinaigrette*, Honig* (80 g\/80 g\/30 g\/20 g\/20 g) 59 Gretas Salat: Kopfsalat, Ziegenk\u00e4se* aus Grudno, Tomaten,...","protected":false},"author":1,"featured_media":83740,"parent":26425,"menu_order":0,"comment_status":"closed","ping_status":"closed","template":"","meta":{"_acf_changed":false,"_seopress_titles_title":"Aktuelle Speisekarte | Restaurant Villa Greta | Niederschlesien | Slow Food","_seopress_titles_desc":"Villa Greta \u2014 Slow-Food-Restaurant | Lokale Produkte | Saisonale Gerichte | Gro\u00dfer Garten | Tische im Freien | Labyrinth | Kinderfreundlich | Wie im M\u00e4rchen","_seopress_robots_index":"","_seopress_robots_follow":"","_seopress_robots_imageindex":"","_seopress_robots_snippet":"","_seopress_robots_primary_cat":"","_seopress_robots_breadcrumbs":"","_seopress_robots_freeze_modified_date":"","_seopress_robots_custom_modified_date":"","_seopress_robots_canonical":"","_seopress_social_fb_title":"","_seopress_social_fb_desc":"","_seopress_social_fb_img":"","_seopress_social_fb_img_attachment_id":0,"_seopress_social_fb_img_width":0,"_seopress_social_fb_img_height":0,"_seopress_social_twitter_title":"","_seopress_social_twitter_desc":"","_seopress_social_twitter_img":"","_seopress_social_twitter_img_attachment_id":0,"_seopress_social_twitter_img_width":0,"_seopress_social_twitter_img_height":0,"_seopress_redirections_value":"","_seopress_redirections_enabled":"","_seopress_redirections_enabled_regex":"","_seopress_redirections_logged_status":"beide","_seopress_redirections_param":"","_seopress_redirections_type":301,"_seopress_analysis_target_kw":"Men\u00fc Villa Greta","_seopress_news_disabled":"","_seopress_video_disabled":"","_seopress_video":[],"_seopress_pro_schemas_manual":[{"_seopress_pro_rich_snippets_type":"none"}],"_seopress_pro_rich_snippets_disable_all":"","_seopress_pro_rich_snippets_disable":[],"_seopress_pro_schemas":[],"inline_featured_image":false,"footnotes":""},"vg_page_category":[],"class_list":["post-26420","page","type-page","status-publish","has-post-thumbnail"],"acf":[],"_links":{"self":[{"href":"https:\/\/www.villagreta.pl\/de\/wp-json\/wp\/v2\/pages\/26420","targetHints":{"allow":["GET"]}}],"collection":[{"href":"https:\/\/www.villagreta.pl\/de\/wp-json\/wp\/v2\/pages"}],"about":[{"href":"https:\/\/www.villagreta.pl\/de\/wp-json\/wp\/v2\/types\/page"}],"author":[{"embeddable":true,"href":"https:\/\/www.villagreta.pl\/de\/wp-json\/wp\/v2\/users\/1"}],"replies":[{"embeddable":true,"href":"https:\/\/www.villagreta.pl\/de\/wp-json\/wp\/v2\/comments?post=26420"}],"version-history":[{"count":0,"href":"https:\/\/www.villagreta.pl\/de\/wp-json\/wp\/v2\/pages\/26420\/revisions"}],"up":[{"embeddable":true,"href":"https:\/\/www.villagreta.pl\/de\/wp-json\/wp\/v2\/pages\/26425"}],"wp:featuredmedia":[{"embeddable":true,"href":"https:\/\/www.villagreta.pl\/de\/wp-json\/wp\/v2\/media\/83740"}],"wp:attachment":[{"href":"https:\/\/www.villagreta.pl\/de\/wp-json\/wp\/v2\/media?parent=26420"}],"wp:term":[{"taxonomy":"vg_page_category","embeddable":true,"href":"https:\/\/www.villagreta.pl\/de\/wp-json\/wp\/v2\/vg_page_category?post=26420"}],"curies":[{"name":"wp","href":"https:\/\/api.w.org\/{rel}","templated":true}]}}