{"id":26427,"date":"2021-04-10T20:26:20","date_gmt":"2021-04-10T18:26:20","guid":{"rendered":"https:\/\/www.villagreta.pl\/restaurant\/veranstaltung\/"},"modified":"2026-08-18T23:22:09","modified_gmt":"2026-08-18T21:22:09","slug":"veranstaltung","status":"publish","type":"page","link":"https:\/\/www.villagreta.pl\/de\/restaurant\/veranstaltung\/","title":{"rendered":"Feiern"},"content":{"rendered":"<section class=\"l-section wpb_row height_custom\"><div class=\"l-section-h i-cf\"><div class=\"g-cols vc_row via_grid cols_2 laptops-cols_inherit tablets-cols_inherit mobiles-cols_1 valign_middle type_default stacking_default\"><div class=\"wpb_column vc_column_container us_custom_d26eb4ca has_bg_color\"><div class=\"vc_column-inner\"><div class=\"w-text upper-title\"><span class=\"w-text-h\"><span class=\"w-text-value\">Veranstaltungen<\/span><\/span><\/div><div class=\"wpb_text_column us_custom_39592840\"><div class=\"wpb_wrapper\"><h2>Hochzeiten, Taufen, Kommunionen, Totenwachen, Schulungen<\/h2>\n<p>Wir haben drei Zimmer und ein rustikales Kutschenhaus, dort organisieren wir f\u00fcr euch besondere Veranstaltngen. Jedes der R\u00e4ume ist nach vorheriger Absprache vorbereitet. Unten findet ihr die Preisliste der Speisekarte, die speziell f\u00fcr Feierlichkeiten vorbereitet wurde. Ihr k\u00f6nnt die vorgeschlagenen Varianten auch frei \u00e4ndern.<\/p>\n<\/div><\/div><div class=\"w-btn-wrapper align_center\"><a class=\"w-btn us-btn-style_1\" href=\"https:\/\/www.villagreta.pl\/de\/buchung\/?rez=przyj\u0119cie\"><span class=\"w-btn-label\">Buchen Sie eine Party<\/span><\/a><\/div><\/div><\/div><div class=\"wpb_column vc_column_container\"><div class=\"vc_column-inner\"><div class=\"wpb_text_column\"><div class=\"wpb_wrapper\"><ul>\n<li><a href=\"https:\/\/www.villagreta.pl\/de\/galerie\/restaurant\/kutschenhaus\/\">Alte Remise<\/a>, 150 m\u00b2 + Terrasse 45 m\u00b2, bis zu 132 Personen oder bis zu 80 mit Platz zum Tanzen<\/li>\n<li><a href=\"https:\/\/www.villagreta.pl\/de\/galerie\/restaurant\/bankettsaal\/\">gr\u00f6\u00dferer Saal im Arnoldshaus<\/a>, 42 m\u00b2, bis zu 35 Personen<\/li>\n<li><a href=\"https:\/\/www.villagreta.pl\/de\/galerie\/restaurant\/kleine-saal\/\">kleines Zimmer im Arnold Haus<\/a>, 32 m\u00b2, neben dem gr\u00f6\u00dferen Zimmer gelegen, bis zu 15 Personen<\/li>\n<li><a href=\"https:\/\/www.villagreta.pl\/de\/galerie\/restaurant\/hauptsaal\/\">Speisesaal Villa Greta<\/a>, 80 m\u00b2, bis 67 Personen<\/li>\n<li>BEMERKUNG! Ausgelassene Partys nach 21:30 Uhr sind nur m\u00f6glich, wenn <a href=\"https:\/\/www.villagreta.pl\/de\/zimmer\/gesamte-anlage\/\">alle Zimmer exklusiv gebucht sind<\/a><\/li>\n<\/ul>\n<\/div><\/div><\/div><\/div><\/div><\/div><\/section><section class=\"l-section wpb_row us_custom_bc349133 height_small\"><div class=\"l-section-h i-cf\"><div class=\"g-cols vc_row via_grid cols_1 laptops-cols_inherit tablets-cols_inherit mobiles-cols_1 valign_middle type_default stacking_default\"><div class=\"wpb_column vc_column_container\"><div class=\"vc_column-inner\"><div class=\"w-image us_custom_2668a1c6 czarno-biale us_animate_this align_center\"><div class=\"w-image-h\"><img decoding=\"async\" width=\"200\" height=\"224\" src=\"https:\/\/media.villagreta.pl\/obiad_deko2.png\" class=\"attachment-full size-full\" alt=\"\" loading=\"lazy\" \/><\/div><\/div><div class=\"w-separator size_huge with_line style_dashed color_text width_default align_center with_text with_content\"><div class=\"w-separator-h\"><h2 class=\"w-separator-text\"><span>Preisliste der gelegentlichen Speisekarte (ab 25 Personen)<\/span><\/h2><\/div><\/div><section class=\"vg_menu_okolicznosciowe_cennik\"><ul class=\"price-list\"> \n                            <li class=\"price-list__item-section\">\n                            <div class=\"price-list__item-title\"><h3>Saalmiete bis 3 h<\/h3><\/div><\/li> \n                            <li class=\"price-list__item\">\n                            <div class=\"price-list__item-title\">Variante 1: Suppe, Hauptgericht, Kompott, Wasser<\/div><div class=\"price-list__item-price\"><span class=\"price-list__price-pln\">120<\/span> <span class=\"price-list__price-euro\">28<\/span><\/div><\/li> \n                            <li class=\"price-list__item\">\n                            <div class=\"price-list__item-title\">Variante 2: Suppe, Hauptgericht (3 Fleischsorten und Salate), Kompott, S\u00e4fte, Wasser<\/div><div class=\"price-list__item-price\"><span class=\"price-list__price-pln\">170<\/span> <span class=\"price-list__price-euro\">39.6<\/span><\/div><\/li> \n                            <li class=\"price-list__item-section\">\n                            <div class=\"price-list__item-title\"><h3>Saalmiete bis 4 Stunden<\/h3><\/div><\/li> \n                            <li class=\"price-list__item\">\n                            <div class=\"price-list__item-title\">Variante 3: Suppe, Hauptgericht, 7 kalte Vorspeisen, Kompott, S\u00e4fte, Wasser<\/div><div class=\"price-list__item-price\"><span class=\"price-list__price-pln\">240<\/span> <span class=\"price-list__price-euro\">55.9<\/span><\/div><\/li> \n                            <li class=\"price-list__item\">\n                            <div class=\"price-list__item-title\">Variante 4: Suppe, Hauptgericht (3 Fleischsorten\/Salate), 7 kalte Snacks, Kompott, S\u00e4fte, Wasser<\/div><div class=\"price-list__item-price\"><span class=\"price-list__price-pln\">270<\/span> <span class=\"price-list__price-euro\">62.8<\/span><\/div><\/li> \n                            <li class=\"price-list__item-section\">\n                            <div class=\"price-list__item-title\"><h3>Saalmiete bis 5 Stunden<\/h3><\/div><\/li> \n                            <li class=\"price-list__item\">\n                            <div class=\"price-list__item-title\">Variante 5: Suppe, Hauptgericht, 7 kalte Snacks, zus\u00e4tzliches warmes Gericht, Kompott, S\u00e4fte, Wasser<\/div><div class=\"price-list__item-price\"><span class=\"price-list__price-pln\">280<\/span> <span class=\"price-list__price-euro\">65.2<\/span><\/div><\/li> \n                            <li class=\"price-list__item\">\n                            <div class=\"price-list__item-title\">Variante 6: Suppe, Hauptgericht (3 Fleischsorten\/Salate), 7 kalte Snacks, zus\u00e4tzliches warmes Gericht, Kompott, S\u00e4fte, Wasser<\/div><div class=\"price-list__item-price\"><span class=\"price-list__price-pln\">320<\/span> <span class=\"price-list__price-euro\">74.5<\/span><\/div><\/li> \n                            <li class=\"price-list__item\">\n                            <div class=\"price-list__item-title\">Variante 7 (Tischservice): Hochzeitsfeier: Vorspeise, Suppe, Hauptgericht, 7 Snacks, warmes Gericht, kalte Getr\u00e4nke (optional warme Getr\u00e4nke + Dessert) <\/div><div class=\"price-list__item-price\"><span class=\"price-list__price-pln\">330<\/span> <span class=\"price-list__price-euro\">76.8<\/span><\/div><\/li><\/ul><\/section><div class=\"w-separator size_medium\"><\/div><section class=\"vg_menu_przyjecia_bezciszy_cennik\"><ul class=\"price-list\"> \n                            <li class=\"price-list__item-section\">\n                            <div class=\"price-list__item-title\"><h3>Saalmiete ohne Zeitlimit und ohne Nachtruhe (nur bei Buchung aller Zimmer exklusiv, gilt nicht f\u00fcr Hochzeitsfeiern)<\/h3><\/div><\/li> \n                            <li class=\"price-list__item\">\n                            <div class=\"price-list__item-title\">Variante 8: 7 kalte Snacks, 1 warmes Gericht, kalte und warme Getr\u00e4nke, Buffetservice bis 19:30 Uhr<\/div><div class=\"price-list__item-price\"><span class=\"price-list__price-pln\">80<\/span> <span class=\"price-list__price-euro\">18.7<\/span><\/div><\/li> \n                            <li class=\"price-list__item\">\n                            <div class=\"price-list__item-title\">Variante 9: 7 kalte Snacks, 1 warmes Gericht, kalte und warme Getr\u00e4nke, Buffetservice bis 21:00 Uhr<\/div><div class=\"price-list__item-price\"><span class=\"price-list__price-pln\">140<\/span> <span class=\"price-list__price-euro\">32.6<\/span><\/div><\/li> \n                            <li class=\"price-list__item\">\n                            <div class=\"price-list__item-title\">Variante 10: 7 kalte Snacks, 2 warme Gerichte, kalte und warme Getr\u00e4nke, Buffetservice bis 22:00 Uhr<\/div><div class=\"price-list__item-price\"><span class=\"price-list__price-pln\">185<\/span> <span class=\"price-list__price-euro\">43.1<\/span><\/div><\/li> \n                            <li class=\"price-list__item\">\n                            <div class=\"price-list__item-title\">Variante 11: 7 kalte Snacks, 3 warme Gerichte, kalte und warme Getr\u00e4nke, Buffetservice bis 23:30 Uhr<\/div><div class=\"price-list__item-price\"><span class=\"price-list__price-pln\">260<\/span> <span class=\"price-list__price-euro\">60.5<\/span><\/div><\/li> \n                            <li class=\"price-list__item\">\n                            <div class=\"price-list__item-title\">Variante 12: Tischservice Hauptgericht (Vorspeise, Suppe, Hauptgericht), 7 kalte Snacks, 2 warme Gerichte am Buffet, Getr\u00e4nke, Service bis 23:30 Uhr<\/div><div class=\"price-list__item-price\"><span class=\"price-list__price-pln\">300<\/span> <span class=\"price-list__price-euro\">69.8<\/span><\/div><\/li> \n                            <li class=\"price-list__item-section\">\n                            <div class=\"price-list__item-title\"><h3>Lagerfeuer im Freien<\/h3><\/div><\/li> \n                            <li class=\"price-list__item\">\n                            <div class=\"price-list__item-title\">Variante 13: 6 Grillgerichte, 5 Beilagen, Wasser, Kaffee, Tee, Kellnerservice 2 h<\/div><div class=\"price-list__item-price\"><span class=\"price-list__price-pln\">140<\/span> <span class=\"price-list__price-euro\">32.6<\/span><\/div><\/li> \n                            <li class=\"price-list__item\">\n                            <div class=\"price-list__item-title\">Variante 14: 9 Grillgerichte, 7 Beilagen, Wasser, S\u00e4fte, Kaffee, Tee, Kellnerservice 2 h<\/div><div class=\"price-list__item-price\"><span class=\"price-list__price-pln\">190<\/span> <span class=\"price-list__price-euro\">44.2<\/span><\/div><\/li> \n                            <li class=\"price-list__item\">\n                            <div class=\"price-list__item-title\">Variante 15: 9 Grillgerichte, 7 Beilagen, Getr\u00e4nke, Kellnerservice 4 h<\/div><div class=\"price-list__item-price\"><span class=\"price-list__price-pln\">260<\/span> <span class=\"price-list__price-euro\">60.5<\/span><\/div><\/li> \n                            <li class=\"price-list__item-section\">\n                            <div class=\"price-list__item-title\"><h3>Extras<\/h3><\/div><\/li> \n                            <li class=\"price-list__item\">\n                            <div class=\"price-list__item-title\">Auswahl von 2 Desserts, Kaffee, Tee am Buffet <\/div><div class=\"price-list__item-price\"><span class=\"price-list__price-pln\">50<\/span> <span class=\"price-list__price-euro\">11.7<\/span><\/div><\/li> \n                            <li class=\"price-list__item\">\n                            <div class=\"price-list__item-title\">Verl\u00e4ngerung der Saalbuchung mit Kellnerservice in Arnolds Haus (1 h)<\/div><div class=\"price-list__item-price\"><span class=\"price-list__price-pln\">220<\/span> <span class=\"price-list__price-euro\">51.2<\/span><\/div><\/li> \n                            <li class=\"price-list__item\">\n                            <div class=\"price-list__item-title\">Verl\u00e4ngerung der Buchung mit Kellnerservice in der Alten Remise (1 h)<\/div><div class=\"price-list__item-price\"><span class=\"price-list__price-pln\">440<\/span> <span class=\"price-list__price-euro\">102.4<\/span><\/div><\/li> \n                            <li class=\"price-list__item\">\n                            <div class=\"price-list__item-title\">Service eigener Alkohol (Korkgeld)<\/div><div class=\"price-list__item-price\"><span class=\"price-list__price-pln\">21<\/span> <span class=\"price-list__price-euro\">4.9<\/span><\/div><\/li> \n                            <li class=\"price-list__item\">\n                            <div class=\"price-list__item-title\">Miete Konferenzraum 42 m\u00b2 [Tag]<\/div><div class=\"price-list__item-price\"><span class=\"price-list__price-pln\">500<\/span> <span class=\"price-list__price-euro\">116.3<\/span><\/div><\/li> \n                            <li class=\"price-list__item\">\n                            <div class=\"price-list__item-title\">Miete Konferenzraum 150 m\u00b2 [Tag]<\/div><div class=\"price-list__item-price\"><span class=\"price-list__price-pln\">1500<\/span> <span class=\"price-list__price-euro\">348.9<\/span><\/div><\/li> \n                            <li class=\"price-list__item\">\n                            <div class=\"price-list__item-title\">Durchgehende Kaffeepause [3h] von 28 bis 75 PLN\/Pers.<\/div><div class=\"price-list__item-price\"><span class=\"price-list__price-pln\">50<\/span> <span class=\"price-list__price-euro\">11.7<\/span><\/div><\/li><\/ul><\/section><div class=\"w-separator size_huge with_line style_dashed color_text width_default align_center\"><div class=\"w-separator-h\"><\/div><\/div><div class=\"g-cols wpb_row us_custom_87644547 via_grid cols_2-1 laptops-cols_inherit tablets-cols_inherit mobiles-cols_1 valign_middle type_default reversed stacking_default\" style=\"--columns-gap:3rem;\"><div class=\"wpb_column vc_column_container\"><div class=\"vc_column-inner\"><div class=\"w-image round-corners align_none\"><div class=\"w-image-h\"><img decoding=\"async\" width=\"860\" height=\"574\" src=\"https:\/\/media.villagreta.pl\/wesele-na-wsi-villa-greta-212.jpg\" class=\"attachment-full size-full\" alt=\"Tanzpodest\" loading=\"lazy\" srcset=\"https:\/\/media.villagreta.pl\/wesele-na-wsi-villa-greta-212.jpg 860w, https:\/\/media.villagreta.pl\/wesele-na-wsi-villa-greta-212-600x400.jpg 600w, https:\/\/media.villagreta.pl\/wesele-na-wsi-villa-greta-212-300x200.jpg 300w\" sizes=\"auto, (max-width: 860px) 100vw, 860px\" \/><\/div><\/div><\/div><\/div><div class=\"wpb_column vc_column_container us_custom_c70c97eb round-corners has_bg_color\"><div class=\"vc_column-inner\"><div class=\"w-separator us_custom_de1be817 size_small has_font_size with_line style_dashed color_text width_default align_center with_text with_content\"><div class=\"w-separator-h\"><div class=\"w-separator-text\"><span>Wichtige Informationen<\/span><\/div><\/div><\/div><div class=\"wpb_text_column us_custom_952f4172\"><div class=\"wpb_wrapper\"><ul style=\"text-align: left;\">\n<li>Die Preise verstehen sich pro Person<\/li>\n<li>Angebot f\u00fcr eine Gruppe von mindestens 20 Erwachsenen<\/li>\n<li>Gruppen bis 19 Personen: + 15 %, Mindestteilnehmerzahl 12<\/li>\n<li>Kohlens\u00e4urehaltige Getr\u00e4nke und Alkohol zahlbar per <a href=\"https:\/\/www.villagreta.pl\/de\/restaurant\/aktuelles-menu\/\">Karte<\/a> oder Pauschalbetrag<\/li>\n<li>im Preis inbegriffen:<br \/>\n+ Saal<br \/>\n+ wei\u00dfe Baumwolltischdecken und Bankettbestuhlung<br \/>\n+ kleine Blumendekoration auf den Tischen<br \/>\n+ Zugang zu Musikanlage<\/li>\n<li>die obige Preisliste gilt <strong>nicht<\/strong> f\u00fcr Hochzeitsfeiern<\/li>\n<li>Sehen Sie <a href=\"https:\/\/www.villagreta.pl\/de\/reiseziel\/hochzeit-in-polen\/\">sich das Hochzeitsangebot<\/a> an<\/li>\n<\/ul>\n<\/div><\/div><div class=\"w-btn-wrapper align_center\"><a class=\"w-btn us-btn-style_1\" href=\"https:\/\/www.villagreta.pl\/de\/buchung\/?rez=przyj\u0119cie\"><span class=\"w-btn-label\">Buchen Sie eine Party<\/span><\/a><\/div><\/div><\/div><\/div><\/div><\/div><\/div><\/div><\/section><section class=\"l-section wpb_row height_small\"><div class=\"l-section-h i-cf\"><div class=\"g-cols vc_row via_grid cols_1 laptops-cols_inherit tablets-cols_inherit mobiles-cols_1 valign_top type_default stacking_default\"><div class=\"wpb_column vc_column_container\"><div class=\"vc_column-inner\"><div class=\"w-grid us_grid type_grid layout_6527 cols_3 preload_style_spinner with_css_animation overflow_hidden\" id=\"us_grid_1\" style=\"--columns:3;--gap:16px;\" data-filterable=\"true\"><style>@media (max-width:1024px){#us_grid_1{--columns:2!important}}@media (max-width:600px){#us_grid_1{--columns:1!important}}.layout_6527 .w-grid-item-h{background:var(--color-content-bg-alt);color:var(--color-content-text);border-radius:1rem;box-shadow:0 0.01rem 0.02rem rgba(0,0,0,0.1),0 0.03rem 0.1rem rgba(0,0,0,0.1);transition-duration:0.3s}.no-touch .layout_6527 .w-grid-item-h:hover{box-shadow:0 0.02rem 0.04rem rgba(0,0,0,0.1),0 0.07rem 0.2rem rgba(0,0,0,0.15);z-index:4}.layout_6527 .usg_post_image_1{transition-duration:0.3s;transform-origin:50% 50%;transform:scale(1) translate(0%,0%);opacity:0.95}.layout_6527 .w-grid-item-h:focus-within .usg_post_image_1,.layout_6527 .w-grid-item-h:hover .usg_post_image_1{transform:scale(1) translate(0%,0%);opacity:1}.layout_6527 .usg_vwrapper_1{transition-duration:0.2s;transform-origin:50% 50%;transform:scale(1) translate(0%,0%);opacity:0.95}.layout_6527 .w-grid-item-h:focus-within .usg_vwrapper_1,.layout_6527 .w-grid-item-h:hover .usg_vwrapper_1{transform:scale(1) translate(0%,-12px);opacity:1}.layout_6527 .usg_post_title_1{font-size:1.3rem!important;font-weight:500!important}.layout_6527 .usg_vwrapper_1{background:var(--color-content-bg-alt)!important;padding:48px 32px 48px 32px!important}.layout_6527 .usg_post_custom_field_4{font-weight:300!important;border-radius:10px!important;left:1.2rem!important;top:1.2rem!important}.layout_6527 .usg_post_custom_field_7{font-weight:300!important;border-radius:10px!important;left:1.2rem!important;top:1.2rem!important}@media (min-width:1025px) and (max-width:1280px){.layout_6527 .usg_post_title_1{font-size:1.4rem!important;font-weight:500!important}}@media (min-width:601px) and (max-width:1024px){.layout_6527 .usg_post_title_1{font-size:1.2rem!important;font-weight:500!important}}@media (max-width:600px){.layout_6527 .usg_post_title_1{font-size:1.2rem!important;font-weight:500!important}}<\/style><div class=\"w-grid-list\">\t<article class=\"w-grid-item us_animate_fade post-26441 page type-page status-publish has-post-thumbnail vg_page_category-restauracja\" data-id=\"26441\" style=\"animation-delay:0s\">\r\n\t\t<div class=\"w-grid-item-h\">\r\n\t\t\t\t\t\t\t<a href=\"https:\/\/www.villagreta.pl\/de\/galerie\/restaurant\/kutschenhaus\/\" class=\"w-grid-item-anchor\" aria-label=\"Kutscherhaus\"><\/a>\r\n\t\t\t\t\t\t<div class=\"w-post-elm post_image usg_post_image_1 has_ratio\"><img loading=\"lazy\" decoding=\"async\" width=\"600\" height=\"400\" src=\"https:\/\/media.villagreta.pl\/wozownia-villa-greta-dobkow-1-600x400.jpg\" class=\"attachment-us_600_400_crop size-us_600_400_crop wp-post-image\" alt=\"\" \/><div style=\"padding-bottom:66.6667%\"><\/div><\/div><div class=\"w-vwrapper usg_vwrapper_1 align_center valign_top\" style=\"--vwrapper-gap: 20px;\"><h2 class=\"w-post-elm post_title usg_post_title_1 align_center color_link_inherit\">Kutscherhaus<\/h2><div class=\"w-post-elm post_custom_field usg_post_custom_field_7 type_text r_polozenie color_link_inherit has_border_radius\"><span class=\"w-post-elm-value\">Kutscherhaus<\/span><\/div><div class=\"w-hwrapper usg_hwrapper_1 align_none valign_top wrap\" style=\"--hwrapper-gap: 16px;\"><div class=\"w-post-elm post_custom_field usg_post_custom_field_6 pokoje-karty-ikony type_text r_ilosc_osob color_link_inherit\"><i class=\"fal fa-walking\"><\/i><span class=\"w-post-elm-value\">98<\/span><\/div><div class=\"w-post-elm post_custom_field usg_post_custom_field_8 pokoje-karty-ikony type_text r_powierzchnia color_link_inherit\"><i class=\"fal fa-expand\"><\/i><span class=\"w-post-elm-value\">150<\/span><span class=\"w-post-elm-after\"> m&sup2;<\/span><\/div><\/div><\/div>\t\t<\/div>\r\n\t\t\t<\/article>\r\n\t<article class=\"w-grid-item us_animate_fade post-26438 page type-page status-publish has-post-thumbnail vg_page_category-restauracja\" data-id=\"26438\" style=\"animation-delay:0.1s\">\r\n\t\t<div class=\"w-grid-item-h\">\r\n\t\t\t\t\t\t\t<a href=\"https:\/\/www.villagreta.pl\/de\/galerie\/restaurant\/hauptsaal\/\" class=\"w-grid-item-anchor\" aria-label=\"Hauptspeisesaal\"><\/a>\r\n\t\t\t\t\t\t<div class=\"w-post-elm post_image usg_post_image_1 has_ratio\"><img loading=\"lazy\" decoding=\"async\" width=\"600\" height=\"400\" src=\"https:\/\/media.villagreta.pl\/restaurant-villa-greta-2-600x400.jpg\" class=\"attachment-us_600_400_crop size-us_600_400_crop wp-post-image\" alt=\"Restaurant Villa Greta\" \/><div style=\"padding-bottom:66.6667%\"><\/div><\/div><div class=\"w-vwrapper usg_vwrapper_1 align_center valign_top\" style=\"--vwrapper-gap: 20px;\"><h2 class=\"w-post-elm post_title usg_post_title_1 align_center color_link_inherit\">Hauptspeisesaal<\/h2><div class=\"w-post-elm post_custom_field usg_post_custom_field_7 type_text r_polozenie color_link_inherit has_border_radius\"><span class=\"w-post-elm-value\">Erdgeschoss, Villa Greta<\/span><\/div><div class=\"w-hwrapper usg_hwrapper_1 align_none valign_top wrap\" style=\"--hwrapper-gap: 16px;\"><div class=\"w-post-elm post_custom_field usg_post_custom_field_6 pokoje-karty-ikony type_text r_ilosc_osob color_link_inherit\"><i class=\"fal fa-walking\"><\/i><span class=\"w-post-elm-value\">67<\/span><\/div><div class=\"w-post-elm post_custom_field usg_post_custom_field_8 pokoje-karty-ikony type_text r_powierzchnia color_link_inherit\"><i class=\"fal fa-expand\"><\/i><span class=\"w-post-elm-value\">80<\/span><span class=\"w-post-elm-after\"> m&sup2;<\/span><\/div><\/div><\/div>\t\t<\/div>\r\n\t\t\t<\/article>\r\n\t<article class=\"w-grid-item us_animate_fade post-26439 page type-page status-publish has-post-thumbnail vg_page_category-restauracja\" data-id=\"26439\" style=\"animation-delay:0.2s\">\r\n\t\t<div class=\"w-grid-item-h\">\r\n\t\t\t\t\t\t\t<a href=\"https:\/\/www.villagreta.pl\/de\/galerie\/restaurant\/bankettsaal\/\" class=\"w-grid-item-anchor\" aria-label=\"Gro\u00dfer Saal im Arnold-Haus\"><\/a>\r\n\t\t\t\t\t\t<div class=\"w-post-elm post_image usg_post_image_1 has_ratio\"><img loading=\"lazy\" decoding=\"async\" width=\"600\" height=\"400\" src=\"https:\/\/media.villagreta.pl\/wynajecie-sali-600x400.jpg\" class=\"attachment-us_600_400_crop size-us_600_400_crop wp-post-image\" alt=\"Anmietung eines Schulungsraums\" \/><div style=\"padding-bottom:66.6667%\"><\/div><\/div><div class=\"w-vwrapper usg_vwrapper_1 align_center valign_top\" style=\"--vwrapper-gap: 20px;\"><h2 class=\"w-post-elm post_title usg_post_title_1 align_center color_link_inherit\">Gro\u00dfer Saal im Arnold-Haus<\/h2><div class=\"w-post-elm post_custom_field usg_post_custom_field_7 type_text r_polozenie color_link_inherit has_border_radius\"><span class=\"w-post-elm-value\">Erdgeschoss, Arnold Haus<\/span><\/div><div class=\"w-hwrapper usg_hwrapper_1 align_none valign_top wrap\" style=\"--hwrapper-gap: 16px;\"><div class=\"w-post-elm post_custom_field usg_post_custom_field_6 pokoje-karty-ikony type_text r_ilosc_osob color_link_inherit\"><i class=\"fal fa-walking\"><\/i><span class=\"w-post-elm-value\">33<\/span><\/div><div class=\"w-post-elm post_custom_field usg_post_custom_field_8 pokoje-karty-ikony type_text r_powierzchnia color_link_inherit\"><i class=\"fal fa-expand\"><\/i><span class=\"w-post-elm-value\">42<\/span><span class=\"w-post-elm-after\"> m&sup2;<\/span><\/div><\/div><\/div>\t\t<\/div>\r\n\t\t\t<\/article>\r\n\t<article class=\"w-grid-item us_animate_fade post-26440 page type-page status-publish has-post-thumbnail vg_page_category-restauracja\" data-id=\"26440\" style=\"animation-delay:0.3s\">\r\n\t\t<div class=\"w-grid-item-h\">\r\n\t\t\t\t\t\t\t<a href=\"https:\/\/www.villagreta.pl\/de\/galerie\/restaurant\/kleine-saal\/\" class=\"w-grid-item-anchor\" aria-label=\"Kleines Zimmer im Arnold-Haus\"><\/a>\r\n\t\t\t\t\t\t<div class=\"w-post-elm post_image usg_post_image_1 has_ratio\"><img loading=\"lazy\" decoding=\"async\" width=\"600\" height=\"400\" src=\"https:\/\/media.villagreta.pl\/sala-zabaw-dla-dzieci-600x400.jpg\" class=\"attachment-us_600_400_crop size-us_600_400_crop wp-post-image\" alt=\"Pension mit Kinderspielzimmer\" \/><div style=\"padding-bottom:66.6667%\"><\/div><\/div><div class=\"w-vwrapper usg_vwrapper_1 align_center valign_top\" style=\"--vwrapper-gap: 20px;\"><h2 class=\"w-post-elm post_title usg_post_title_1 align_center color_link_inherit\">Kleines Zimmer im Arnold-Haus<\/h2><div class=\"w-post-elm post_custom_field usg_post_custom_field_7 type_text r_polozenie color_link_inherit has_border_radius\"><span class=\"w-post-elm-value\">Erdgeschoss, Arnold Haus<\/span><\/div><div class=\"w-hwrapper usg_hwrapper_1 align_none valign_top wrap\" style=\"--hwrapper-gap: 16px;\"><div class=\"w-post-elm post_custom_field usg_post_custom_field_6 pokoje-karty-ikony type_text r_ilosc_osob color_link_inherit\"><i class=\"fal fa-walking\"><\/i><span class=\"w-post-elm-value\">16<\/span><\/div><div class=\"w-post-elm post_custom_field usg_post_custom_field_8 pokoje-karty-ikony type_text r_powierzchnia color_link_inherit\"><i class=\"fal fa-expand\"><\/i><span class=\"w-post-elm-value\">32<\/span><span class=\"w-post-elm-after\"> m&sup2;<\/span><\/div><\/div><\/div>\t\t<\/div>\r\n\t\t\t<\/article>\r\n\t<article class=\"w-grid-item us_animate_fade post-28876 page type-page status-publish has-post-thumbnail vg_page_category-restauracja\" data-id=\"28876\" style=\"animation-delay:0.4s\">\r\n\t\t<div class=\"w-grid-item-h\">\r\n\t\t\t\t\t\t\t<a href=\"https:\/\/www.villagreta.pl\/de\/galerie\/restaurant\/garten\/\" class=\"w-grid-item-anchor\" aria-label=\"Garten\"><\/a>\r\n\t\t\t\t\t\t<div class=\"w-post-elm post_image usg_post_image_1 has_ratio\"><img loading=\"lazy\" decoding=\"async\" width=\"600\" height=\"400\" src=\"https:\/\/media.villagreta.pl\/restauracja_villa_greta_ogrod_22-600x400.jpg\" class=\"attachment-us_600_400_crop size-us_600_400_crop wp-post-image\" alt=\"Restaurant Villa Greta\" \/><div style=\"padding-bottom:66.6667%\"><\/div><\/div><div class=\"w-vwrapper usg_vwrapper_1 align_center valign_top\" style=\"--vwrapper-gap: 20px;\"><h2 class=\"w-post-elm post_title usg_post_title_1 align_center color_link_inherit\">Garten<\/h2><div class=\"w-post-elm post_custom_field usg_post_custom_field_7 type_text r_polozenie color_link_inherit has_border_radius\"><span class=\"w-post-elm-value\">Rund ums Haus<\/span><\/div><div class=\"w-hwrapper usg_hwrapper_1 align_none valign_top wrap\" style=\"--hwrapper-gap: 16px;\"><div class=\"w-post-elm post_custom_field usg_post_custom_field_6 pokoje-karty-ikony type_text r_ilosc_osob color_link_inherit\"><i class=\"fal fa-walking\"><\/i><span class=\"w-post-elm-value\">100+<\/span><\/div><div class=\"w-post-elm post_custom_field usg_post_custom_field_8 pokoje-karty-ikony type_text r_powierzchnia color_link_inherit\"><i class=\"fal fa-expand\"><\/i><span class=\"w-post-elm-value\">10000<\/span><span class=\"w-post-elm-after\"> m&sup2;<\/span><\/div><\/div><\/div>\t\t<\/div>\r\n\t\t\t<\/article>\r\n<\/div>\t<div class=\"w-grid-preloader\">\r\n\t\t<div class=\"g-preloader type_1\">\r\n\t\t\t<div><\/div>\r\n\t\t<\/div>\r\n\t<\/div>\r\n\t\t<div class=\"w-grid-json hidden\" onclick='return {&quot;action&quot;:&quot;us_ajax_grid&quot;,&quot;infinite_scroll&quot;:0,&quot;max_num_pages&quot;:1,&quot;pagination&quot;:&quot;none&quot;,&quot;template_vars&quot;:{&quot;columns&quot;:&quot;3&quot;,&quot;exclude_items&quot;:&quot;none&quot;,&quot;img_size&quot;:&quot;default&quot;,&quot;ignore_items_size&quot;:&quot;1&quot;,&quot;items_layout&quot;:&quot;6527&quot;,&quot;items_offset&quot;:&quot;1&quot;,&quot;load_animation&quot;:&quot;fade&quot;,&quot;overriding_link&quot;:&quot;%7B%22type%22%3A%22post%22%7D&quot;,&quot;post_id&quot;:0,&quot;query_args&quot;:{&quot;post_type&quot;:[&quot;page&quot;],&quot;tax_query&quot;:[{&quot;taxonomy&quot;:&quot;vg_page_category&quot;,&quot;field&quot;:&quot;slug&quot;,&quot;terms&quot;:[&quot;restauracja&quot;]}],&quot;post_status&quot;:[&quot;publish&quot;,&quot;acf-disabled&quot;],&quot;posts_per_page&quot;:&quot;6&quot;},&quot;orderby_query_args&quot;:{&quot;orderby&quot;:{&quot;menu_order&quot;:&quot;ASC&quot;},&quot;order&quot;:&quot;ASC&quot;},&quot;type&quot;:&quot;grid&quot;,&quot;us_grid_post_type&quot;:&quot;page&quot;,&quot;us_grid_ajax_index&quot;:1,&quot;us_grid_filter_query_string&quot;:null,&quot;us_grid_index&quot;:1,&quot;page_args&quot;:[],&quot;lang&quot;:&quot;de&quot;}}'><\/div>\r\n\t<\/div><\/div><\/div><\/div><\/div><\/section><section class=\"l-section wpb_row height_small\"><div class=\"l-section-h i-cf\"><div class=\"g-cols vc_row via_grid cols_1 laptops-cols_inherit tablets-cols_inherit mobiles-cols_1 valign_top type_default stacking_default\"><div class=\"wpb_column vc_column_container us_custom_ac7f28ff has_bg_color\"><div class=\"vc_column-inner\"><div class=\"w-image us_custom_eeac44ac align_center\"><div class=\"w-image-h\"><img decoding=\"async\" width=\"201\" height=\"135\" src=\"https:\/\/media.villagreta.pl\/wesele_deko4.png\" class=\"attachment-full size-full\" alt=\"\" loading=\"lazy\" \/><\/div><\/div><\/div><\/div><\/div><\/div><\/section>\n","protected":false},"excerpt":{"rendered":"Unbegrenzte Fl\u00e4cheGarten und Obstgarten100+10000 m\u00b2Rund ums Haus F\u00fcr unseren Garten und Obstgarten kommen G\u00e4ste, sogar von Weitem, zum Mittagessen. Er ist geheimnisvoll und voller versteckter Ecken. Im Garten findet Ihr Pavillons, eine Pergola, Tische mit Sonnenschirmen und viel Platz, um eine Decke auszubreiten. \u00dcber dem Garten befindet sich ein H\u00fcgel mit einer Bank unter einem...","protected":false},"author":1,"featured_media":14480,"parent":26425,"menu_order":0,"comment_status":"closed","ping_status":"closed","template":"","meta":{"_acf_changed":false,"_seopress_titles_title":"Przyj\u0119cie | Impreza | Z\u0142otoryja | Jelenia G\u00f3ra | Jawor","_seopress_titles_desc":"Sale do wynaj\u0119cia | 12 - 120 os\u00f3b | Impreza okoliczno\u015bciowa | Komunia | Chrzciny | Stypa | Jelenia G\u00f3ra | Legnica | Jawor | Z\u0142otoryja | Wroc\u0142aw","_seopress_robots_index":"","_seopress_robots_follow":"","_seopress_robots_imageindex":"","_seopress_robots_snippet":"","_seopress_robots_primary_cat":"","_seopress_robots_breadcrumbs":"","_seopress_robots_freeze_modified_date":"","_seopress_robots_custom_modified_date":"","_seopress_robots_canonical":"","_seopress_social_fb_title":"","_seopress_social_fb_desc":"","_seopress_social_fb_img":"","_seopress_social_fb_img_attachment_id":0,"_seopress_social_fb_img_width":0,"_seopress_social_fb_img_height":0,"_seopress_social_twitter_title":"","_seopress_social_twitter_desc":"","_seopress_social_twitter_img":"","_seopress_social_twitter_img_attachment_id":0,"_seopress_social_twitter_img_width":0,"_seopress_social_twitter_img_height":0,"_seopress_redirections_value":"","_seopress_redirections_enabled":"","_seopress_redirections_enabled_regex":"","_seopress_redirections_logged_status":"beide","_seopress_redirections_param":"","_seopress_redirections_type":301,"_seopress_analysis_target_kw":"Saal zu vermieten","_seopress_news_disabled":"","_seopress_video_disabled":"","_seopress_video":[],"_seopress_pro_schemas_manual":[],"_seopress_pro_rich_snippets_disable_all":"","_seopress_pro_rich_snippets_disable":[],"_seopress_pro_schemas":[],"inline_featured_image":false,"footnotes":""},"vg_page_category":[],"class_list":["post-26427","page","type-page","status-publish","has-post-thumbnail"],"acf":[],"_links":{"self":[{"href":"https:\/\/www.villagreta.pl\/de\/wp-json\/wp\/v2\/pages\/26427","targetHints":{"allow":["GET"]}}],"collection":[{"href":"https:\/\/www.villagreta.pl\/de\/wp-json\/wp\/v2\/pages"}],"about":[{"href":"https:\/\/www.villagreta.pl\/de\/wp-json\/wp\/v2\/types\/page"}],"author":[{"embeddable":true,"href":"https:\/\/www.villagreta.pl\/de\/wp-json\/wp\/v2\/users\/1"}],"replies":[{"embeddable":true,"href":"https:\/\/www.villagreta.pl\/de\/wp-json\/wp\/v2\/comments?post=26427"}],"version-history":[{"count":0,"href":"https:\/\/www.villagreta.pl\/de\/wp-json\/wp\/v2\/pages\/26427\/revisions"}],"up":[{"embeddable":true,"href":"https:\/\/www.villagreta.pl\/de\/wp-json\/wp\/v2\/pages\/26425"}],"wp:featuredmedia":[{"embeddable":true,"href":"https:\/\/www.villagreta.pl\/de\/wp-json\/wp\/v2\/media\/14480"}],"wp:attachment":[{"href":"https:\/\/www.villagreta.pl\/de\/wp-json\/wp\/v2\/media?parent=26427"}],"wp:term":[{"taxonomy":"vg_page_category","embeddable":true,"href":"https:\/\/www.villagreta.pl\/de\/wp-json\/wp\/v2\/vg_page_category?post=26427"}],"curies":[{"name":"wp","href":"https:\/\/api.w.org\/{rel}","templated":true}]}}